{"id":4075,"date":"2022-12-15T10:07:15","date_gmt":"2022-12-15T09:07:15","guid":{"rendered":"https:\/\/www.camping-kersentic.com\/alentours\/les-glenan-2\/"},"modified":"2025-05-26T10:46:08","modified_gmt":"2025-05-26T08:46:08","slug":"les-glenan-2","status":"publish","type":"alentours","link":"https:\/\/www.camping-kersentic.com\/de\/alentours\/les-glenan-2\/","title":{"rendered":"Les Gl\u00e9nan"},"content":{"rendered":"\n<section class=\"wp-container-69f7719d4bca1 wp-block-group alignfull deco--vague has-blanc-background-color has-background\"><div class=\"wp-block-group__inner-container\">\n<h1 id=\"les-glenan\">Les Gl\u00e9nan<\/h1>\n\n\n\n<p><strong>Der Gl\u00e9nan-Archipel<\/strong> geh\u00f6rt zu den Orten, die Sie bei einem <strong>Campingurlaub im s\u00fcdlichen Finist\u00e8re<\/strong> unbedingt sehen m\u00fcssen. Dieser nat\u00fcrliche und gesch\u00fctzte Ort verf\u00fcgt \u00fcber eine unglaubliche Vielfalt an Flora und Fauna. Von <strong>Beg Meil<\/strong>, <strong>Concarneau<\/strong>, <strong>Tr\u00e9gunc<\/strong> oder <strong>B\u00e9nodet<\/strong> aus erreichen Sie dieses kleine St\u00fcck Paradies ganz einfach mit dem Boot.  <\/p>\n<\/div><\/section>\n\n<section class=\"wp-container-69f7719d4c4f6 wp-block-group alignfull deco--vague deco--illu2 K-10-a has-bleu-clair-background-color has-background\"><div class=\"wp-block-group__inner-container\">\n<div class=\"wp-block-columns\">\n<div class=\"wp-block-column\">\n<h2 id=\"des-randonnees-a-la-decouverte-de-la-faune-et-de-la-flore\">Wanderungen zur Entdeckung von Flora und Fauna<\/h2>\n\n\n\n<p id=\"la-randonnee-est-un-moyen-ideal-pour-decouvrir-l-exceptionnelle-flore-et-faune-presente-sur-l-archipel-des-glenan-prenez-le-temps-d-admirer-l-espece-endemique-la-narcisse-des-glenan-ou-bien-le-superbe-chardon-bleu-n-oubliez-pas-vos-jumelles-car-140-especes-d-oiseaux-peuplent-ou-sont-de-passage-sur-ce-magnifique-territoire\">Wandern ist ein ideales Mittel, um die au\u00dfergew\u00f6hnliche Flora und Fauna <strong>des Archipels Les Gl\u00e9nan<\/strong> zu entdecken. Nehmen Sie sich die Zeit, um die endemische <strong>Narcisse des Gl\u00e9nan<\/strong> oder die wundersch\u00f6ne blaue Distel zu bewundern&#8230;.. Vergessen Sie nicht Ihr Fernglas, denn 140 Vogelarten bev\u00f6lkern oder durchqueren dieses wundersch\u00f6ne Gebiet.  <\/p>\n\n\n\n<div style=\"height:20px\" aria-hidden=\"true\" class=\"wp-block-spacer\"><\/div>\n\n\n\n<div class=\"wp-block-columns\">\n<div class=\"wp-block-column\">\n<figure class=\"wp-block-image alignfull size-large\"><img loading=\"lazy\" width=\"1024\" height=\"683\" src=\"https:\/\/www.camping-kersentic.com\/wp-content\/uploads\/2022\/10\/mini_crtb-ac5016_BERTHIER-Emmanuel-1024x683.jpg\" alt=\"Entdecken Sie das s&#xFC;dliche Finist&#xE8;re in der Bretagne\" class=\"wp-image-2716\" srcset=\"https:\/\/www.camping-kersentic.com\/wp-content\/uploads\/2022\/10\/mini_crtb-ac5016_BERTHIER-Emmanuel-1024x683.jpg 1024w, https:\/\/www.camping-kersentic.com\/wp-content\/uploads\/2022\/10\/mini_crtb-ac5016_BERTHIER-Emmanuel-300x200.jpg 300w, https:\/\/www.camping-kersentic.com\/wp-content\/uploads\/2022\/10\/mini_crtb-ac5016_BERTHIER-Emmanuel-768x513.jpg 768w, https:\/\/www.camping-kersentic.com\/wp-content\/uploads\/2022\/10\/mini_crtb-ac5016_BERTHIER-Emmanuel-1536x1025.jpg 1536w, https:\/\/www.camping-kersentic.com\/wp-content\/uploads\/2022\/10\/mini_crtb-ac5016_BERTHIER-Emmanuel-2048x1367.jpg 2048w\" sizes=\"(max-width: 1024px) 100vw, 1024px\" \/><\/figure>\n<\/div>\n\n\n\n<div class=\"wp-block-column\">\n<h3 id=\"la-faune-des-glenan\">Die Fauna der Gl\u00e9nan-Inseln<\/h3>\n\n\n\n<p>Les Gl\u00e9nan verf\u00fcgt \u00fcber eine bemerkenswerte Artenvielfalt und <strong>der Archipel ist als Natura 2000 eingestuft<\/strong>. Wenn Sie den K\u00fcstenpfad um die Insel Saint-Nicolas nehmen, \u00f6ffnen Sie Ihre Augen weit, denn das Schauspiel ist \u00fcberw\u00e4ltigend. Neben der pr\u00e4chtigen Landschaft werden Sie auch viele V\u00f6gel sehen.  <\/p>\n\n\n\n<div class=\"wp-block-group lire-plus-mobile\"><div class=\"wp-block-group__inner-container\">\n<p>Lesen Sie mehr<\/p>\n\n\n\n<div class=\"wp-container-69f7719d4c130 wp-block-group\"><div class=\"wp-block-group__inner-container\">\n<p>Auf dem Archipel gibt es mehr als 140 Vogelarten, die auf Les Gl\u00e9nan leben. Sie werden das Vergn\u00fcgen haben, zahlreiche M\u00f6wen, Seeschwalben oder den Austernfischer Pie, die Elster, zu sehen. Die Inseln beherbergen auch seltenere Arten wie den Sandregenpfeifer oder den Seeregenpfeifer, einen kleinen Vogel, der im Schlamm lebt.  <\/p>\n<\/div><\/div>\n<\/div><\/div>\n<\/div>\n<\/div>\n<\/div>\n\n\n\n<div class=\"wp-block-column\">\n<figure class=\"wp-block-image alignfull size-full\"><img loading=\"lazy\" width=\"800\" height=\"534\" src=\"https:\/\/www.camping-kersentic.com\/wp-content\/uploads\/2022\/08\/les-glenans-2019.jpg\" alt=\"\" class=\"wp-image-587\" srcset=\"https:\/\/www.camping-kersentic.com\/wp-content\/uploads\/2022\/08\/les-glenans-2019.jpg 800w, https:\/\/www.camping-kersentic.com\/wp-content\/uploads\/2022\/08\/les-glenans-2019-300x200.jpg 300w, https:\/\/www.camping-kersentic.com\/wp-content\/uploads\/2022\/08\/les-glenans-2019-768x513.jpg 768w\" sizes=\"(max-width: 800px) 100vw, 800px\" \/><\/figure>\n<\/div>\n<\/div>\n\n\n\n<h3 id=\"une-flore-unique-1\">Eine einzigartige Flora<\/h3>\n\n\n\n<p><strong>Die Insel Saint-Nicolas<\/strong> hat die Besonderheit, dass sie das<strong> kleinste gesch\u00fctzte und klassifizierte Naturreservat der Welt<\/strong> beherbergt. Etwas mehr als ein Hektar der Insel ist der <strong>Narcisse des Gl\u00e9nan<\/strong> gewidmet, einer einzigartigen botanischen Art. Sie wurde zur Symbolblume von Les Gl\u00e9nan. Sie k\u00f6nnen auch die wundersch\u00f6nen blauen Disteln, den kleinen K\u00fcsten-Borretsch oder das Sand-Leinkraut mit seinen winzigen gelben Bl\u00fcten bewundern, ohne sie zu pfl\u00fccken.   <\/p>\n<\/div><\/section>\n\n<h2 id=\"decouvrir-l-archipel-des-glenan-depuis-la-mer\">Entdecken Sie das Gl\u00e9nan-Archipel vom Meer aus<\/h2>\n\n<p>Machen Sie eine einzigartige Erfahrung und entdecken Sie <strong>den Gl\u00e9nan-Archipel<\/strong> aus einem anderen Blickwinkel, vom Meer aus. Mieten Sie in <strong>Fouesnant<\/strong> ein Seekajak und erleben Sie einen unvergesslichen Tag. Paddeln Sie auf dem Archipel von Insel zu Insel. Allein, weit weg vom Alltag, bewundern Sie die nat\u00fcrliche Umgebung, die Sie umgibt. <strong>Der Archipel Les Gl\u00e9nan<\/strong> besteht aus sieben Inseln und einigen kleinen Felseninseln. <strong>Die Insel Drennec<\/strong>, die aus der Luft betrachtet die Form eines Herzens hat, beherbergt geheime Buchten. Die Insel Guiriden bietet eine idyllische, feine Sandbank, die nur mit dem Boot erreichbar ist. Hier k\u00f6nnen Sie Ihre Paddel aussetzen und einen Zwischenstopp in einer karibischen Landschaft einlegen. <strong>Loch Island<\/strong>, die gr\u00f6\u00dfte <strong>Insel<\/strong> des Archipels, hat einen wundersch\u00f6nen Sandstrand. Die Insel ist auch die Heimat vieler M\u00f6wen. Entdecken Sie auch <strong>die Insel Penfret<\/strong> mit ihrem Leuchtturm und Semaphor und die kleine Storcheninsel mit ihrem alten Milit\u00e4rfort.<br\/>Ein Tag auf dem Wasser von Insel zu Insel ist ein unglaubliches Gef\u00fchl der Freiheit. Der Charme und die Sch\u00f6nheit der Orte lassen keinen Besucher unber\u00fchrt.        <\/p>\n\n<div style=\"height:80px\" aria-hidden=\"true\" class=\"wp-block-spacer\"><\/div>\n\n<div class=\"wp-block-columns\">\n<div class=\"wp-block-column\" style=\"flex-basis:37%\">\n<h2 id=\"sejourner-a-fouesnant-les-glenan-en-camping\">Aufenthalt in Fouesnant les Gl\u00e9nan auf dem Campingplatz<\/h2>\n\n\n\n<p>Der <strong><a href=\"https:\/\/www.camping-kersentic.com\/de\/\">Campingplatz Kersentic<\/a> in der N\u00e4he von Les Gl\u00e9nan<\/strong> \u00f6ffnet seine T\u00fcren von April bis September. Verbringen Sie einen traumhaften Aufenthalt auf diesem <strong>4-Sterne-Campingplatz in Fouesnant<\/strong>, der eine privilegierte Lage genie\u00dft. Der Campingplatz ist 600 m vom Meer entfernt und liegt in der N\u00e4he des <strong>Hafens von Fouesnant<\/strong> (3,7 km entfernt).  <\/p>\n\n\n\n<p>Dieser <strong>freundliche Campingplatz<\/strong> bietet Ihnen eine gro\u00dfe Auswahl an Unterk\u00fcnften: <strong>Mobilheime<\/strong>, teilweise mit <strong>eigenem Jacuzzi<\/strong>, Ferienwohnungen f\u00fcr einen komfortablen Urlaub oder eine <strong>ungew\u00f6hnliche Unterkunft<\/strong> f\u00fcr einen originellen Aufenthalt. In einer gr\u00fcnen und bl\u00fchenden Umgebung finden Sie auch Stellpl\u00e4tze f\u00fcr Ihr Zelt, Ihren Wohnwagen oder Ihr Wohnmobil. <\/p>\n\n\n\n<p>Auf dem Campingplatz Kersentic k\u00f6nnen Sie den <a href=\"https:\/\/www.camping-kersentic.com\/camping-fouesnant-avec-piscine\/\">Wasserbereich<\/a> mit beheiztem Pool, Kinderbecken und Balneobereich nutzen.<\/p>\n<\/div>\n\n\n\n<div class=\"wp-block-column galerie_1\">\n<figure class=\"wp-block-gallery has-nested-images columns-2 is-cropped\">\n<figure class=\"wp-block-image size-large\"><img loading=\"lazy\" width=\"1024\" height=\"660\" src=\"https:\/\/www.camping-kersentic.com\/wp-content\/uploads\/2022\/10\/Gites-de-France-Camping-Kersentic-Espace-Commun-1024x660.jpg\" alt=\"\" class=\"wp-image-2609\" srcset=\"https:\/\/www.camping-kersentic.com\/wp-content\/uploads\/2022\/10\/Gites-de-France-Camping-Kersentic-Espace-Commun-1024x660.jpg 1024w, https:\/\/www.camping-kersentic.com\/wp-content\/uploads\/2022\/10\/Gites-de-France-Camping-Kersentic-Espace-Commun-300x193.jpg 300w, https:\/\/www.camping-kersentic.com\/wp-content\/uploads\/2022\/10\/Gites-de-France-Camping-Kersentic-Espace-Commun-768x495.jpg 768w, https:\/\/www.camping-kersentic.com\/wp-content\/uploads\/2022\/10\/Gites-de-France-Camping-Kersentic-Espace-Commun.jpg 1197w\" sizes=\"(max-width: 1024px) 100vw, 1024px\" \/><\/figure>\n\n\n\n<figure class=\"wp-block-image size-large\"><img loading=\"lazy\" width=\"1024\" height=\"684\" src=\"https:\/\/www.camping-kersentic.com\/wp-content\/uploads\/2022\/10\/Camping-6789-3-1024x684.jpg\" alt=\"\" class=\"wp-image-2569\" srcset=\"https:\/\/www.camping-kersentic.com\/wp-content\/uploads\/2022\/10\/Camping-6789-3-1024x684.jpg 1024w, https:\/\/www.camping-kersentic.com\/wp-content\/uploads\/2022\/10\/Camping-6789-3-300x200.jpg 300w, https:\/\/www.camping-kersentic.com\/wp-content\/uploads\/2022\/10\/Camping-6789-3-768x513.jpg 768w, https:\/\/www.camping-kersentic.com\/wp-content\/uploads\/2022\/10\/Camping-6789-3-1536x1026.jpg 1536w, https:\/\/www.camping-kersentic.com\/wp-content\/uploads\/2022\/10\/Camping-6789-3.jpg 1920w\" sizes=\"(max-width: 1024px) 100vw, 1024px\" \/><\/figure>\n\n\n\n<figure class=\"wp-block-image size-large\"><img loading=\"lazy\" width=\"768\" height=\"1024\" src=\"https:\/\/www.camping-kersentic.com\/wp-content\/uploads\/2022\/10\/IMG_6847-768x1024.jpeg\" alt=\"Vermietung Mobilheim fouesnant in der Bretagne\" class=\"wp-image-2431\" srcset=\"https:\/\/www.camping-kersentic.com\/wp-content\/uploads\/2022\/10\/IMG_6847-768x1024.jpeg 768w, https:\/\/www.camping-kersentic.com\/wp-content\/uploads\/2022\/10\/IMG_6847-225x300.jpeg 225w, https:\/\/www.camping-kersentic.com\/wp-content\/uploads\/2022\/10\/IMG_6847-1152x1536.jpeg 1152w, https:\/\/www.camping-kersentic.com\/wp-content\/uploads\/2022\/10\/IMG_6847-1536x2048.jpeg 1536w, https:\/\/www.camping-kersentic.com\/wp-content\/uploads\/2022\/10\/IMG_6847-scaled.jpeg 1920w\" sizes=\"(max-width: 768px) 100vw, 768px\" \/><\/figure>\n\n\n\n<figure class=\"wp-block-image size-large\"><img loading=\"lazy\" width=\"1024\" height=\"683\" src=\"https:\/\/www.camping-kersentic.com\/wp-content\/uploads\/2022\/09\/IMG_5469-1024x683.jpg\" alt=\"Vermietung von Mobilheimen mit eigenem Jacuzzi in Fouesnant in der Bretagne\" class=\"wp-image-2172\" srcset=\"https:\/\/www.camping-kersentic.com\/wp-content\/uploads\/2022\/09\/IMG_5469-1024x683.jpg 1024w, https:\/\/www.camping-kersentic.com\/wp-content\/uploads\/2022\/09\/IMG_5469-300x200.jpg 300w, https:\/\/www.camping-kersentic.com\/wp-content\/uploads\/2022\/09\/IMG_5469-768x512.jpg 768w, https:\/\/www.camping-kersentic.com\/wp-content\/uploads\/2022\/09\/IMG_5469-1536x1024.jpg 1536w, https:\/\/www.camping-kersentic.com\/wp-content\/uploads\/2022\/09\/IMG_5469-2048x1365.jpg 2048w\" sizes=\"(max-width: 1024px) 100vw, 1024px\" \/><\/figure>\n<\/figure>\n\n\n\n<div class=\"wp-container-69f7719d4c9da wp-block-buttons\">\n<div class=\"wp-block-button btn_galerie\"><a class=\"wp-block-button__link\" href=\"https:\/\/www.camping-kersentic.com\/de\/galerie-photos\/?galerie=hebergements\"><i class=\"far fa-images\"><\/i>  Fotogalerie<\/a><\/div>\n<\/div>\n<\/div>\n<\/div>\n","protected":false},"template":"","meta":[],"acf":[],"yoast_head":"<!-- This site is optimized with the Yoast SEO plugin v19.9 - https:\/\/yoast.com\/wordpress\/plugins\/seo\/ -->\n<title>Les Gl\u00e9nan - Camping de Kersentic<\/title>\n<meta name=\"robots\" content=\"index, follow, max-snippet:-1, max-image-preview:large, max-video-preview:-1\" \/>\n<link rel=\"canonical\" href=\"https:\/\/www.camping-kersentic.com\/de\/alentours\/les-glenan-2\/\" \/>\n<meta property=\"og:locale\" content=\"de_DE\" \/>\n<meta property=\"og:type\" content=\"article\" \/>\n<meta property=\"og:title\" content=\"Les Gl\u00e9nan - Camping de Kersentic\" \/>\n<meta property=\"og:description\" content=\"Les Gl\u00e9nan Der Gl\u00e9nan-Archipel geh\u00f6rt zu den Orten, die Sie bei einem Campingurlaub im s\u00fcdlichen Finist\u00e8re unbedingt sehen m\u00fcssen. Dieser nat\u00fcrliche und gesch\u00fctzte Ort verf\u00fcgt \u00fcber eine unglaubliche Vielfalt an Flora und Fauna. Von Beg Meil, Concarneau, Tr\u00e9gunc oder B\u00e9nodet aus erreichen Sie dieses kleine St\u00fcck Paradies ganz einfach mit dem Boot. Wanderungen zur Entdeckung [&hellip;]\" \/>\n<meta property=\"og:url\" content=\"https:\/\/www.camping-kersentic.com\/de\/alentours\/les-glenan-2\/\" \/>\n<meta property=\"og:site_name\" content=\"Camping de Kersentic\" \/>\n<meta property=\"article:publisher\" content=\"https:\/\/www.facebook.com\/campingdekersenticfouesnant\/\" \/>\n<meta property=\"article:modified_time\" content=\"2025-05-26T08:46:08+00:00\" \/>\n<meta property=\"og:image\" content=\"https:\/\/www.camping-kersentic.com\/wp-content\/uploads\/2022\/10\/mini_crtb-ac5016_BERTHIER-Emmanuel-1024x683.jpg\" \/>\n<meta name=\"twitter:card\" content=\"summary_large_image\" \/>\n<meta name=\"twitter:label1\" content=\"Est. reading time\" \/>\n\t<meta name=\"twitter:data1\" content=\"3 Minuten\" \/>\n<script type=\"application\/ld+json\" class=\"yoast-schema-graph\">{\"@context\":\"https:\/\/schema.org\",\"@graph\":[{\"@type\":\"WebPage\",\"@id\":\"https:\/\/www.camping-kersentic.com\/de\/alentours\/les-glenan-2\/\",\"url\":\"https:\/\/www.camping-kersentic.com\/de\/alentours\/les-glenan-2\/\",\"name\":\"Les Gl\u00e9nan - Camping de Kersentic\",\"isPartOf\":{\"@id\":\"https:\/\/www.camping-kersentic.com\/#website\"},\"datePublished\":\"2022-12-15T09:07:15+00:00\",\"dateModified\":\"2025-05-26T08:46:08+00:00\",\"breadcrumb\":{\"@id\":\"https:\/\/www.camping-kersentic.com\/de\/alentours\/les-glenan-2\/#breadcrumb\"},\"inLanguage\":\"de-DE\",\"potentialAction\":[{\"@type\":\"ReadAction\",\"target\":[\"https:\/\/www.camping-kersentic.com\/de\/alentours\/les-glenan-2\/\"]}]},{\"@type\":\"BreadcrumbList\",\"@id\":\"https:\/\/www.camping-kersentic.com\/de\/alentours\/les-glenan-2\/#breadcrumb\",\"itemListElement\":[{\"@type\":\"ListItem\",\"position\":1,\"name\":\"Home\",\"item\":\"https:\/\/www.camping-kersentic.com\/de\/\"},{\"@type\":\"ListItem\",\"position\":2,\"name\":\"Les Gl\u00e9nan\"}]},{\"@type\":\"WebSite\",\"@id\":\"https:\/\/www.camping-kersentic.com\/#website\",\"url\":\"https:\/\/www.camping-kersentic.com\/\",\"name\":\"Camping de Kersentic\",\"description\":\"Camping Fouesnant dans le Finist\u00e8re sud, locations de mobil-home, g\u00eetes, Coco Sweet, locations insolites, emplacements, piscine couverte et plage\",\"publisher\":{\"@id\":\"https:\/\/www.camping-kersentic.com\/#organization\"},\"potentialAction\":[{\"@type\":\"SearchAction\",\"target\":{\"@type\":\"EntryPoint\",\"urlTemplate\":\"https:\/\/www.camping-kersentic.com\/?s={search_term_string}\"},\"query-input\":\"required name=search_term_string\"}],\"inLanguage\":\"de-DE\"},{\"@type\":\"Organization\",\"@id\":\"https:\/\/www.camping-kersentic.com\/#organization\",\"name\":\"Camping de Kersentic\",\"url\":\"https:\/\/www.camping-kersentic.com\/\",\"logo\":{\"@type\":\"ImageObject\",\"inLanguage\":\"de-DE\",\"@id\":\"https:\/\/www.camping-kersentic.com\/#\/schema\/logo\/image\/\",\"url\":\"https:\/\/www.camping-kersentic.com\/wp-content\/uploads\/2025\/05\/LOGO2025_C.webp\",\"contentUrl\":\"https:\/\/www.camping-kersentic.com\/wp-content\/uploads\/2025\/05\/LOGO2025_C.webp\",\"width\":764,\"height\":325,\"caption\":\"Camping de Kersentic\"},\"image\":{\"@id\":\"https:\/\/www.camping-kersentic.com\/#\/schema\/logo\/image\/\"},\"sameAs\":[\"https:\/\/www.instagram.com\/campingdekersentic\/?hl=fr\",\"https:\/\/www.facebook.com\/campingdekersenticfouesnant\/\"]}]}<\/script>\n<!-- \/ Yoast SEO plugin. -->","yoast_head_json":{"title":"Les Gl\u00e9nan - Camping de Kersentic","robots":{"index":"index","follow":"follow","max-snippet":"max-snippet:-1","max-image-preview":"max-image-preview:large","max-video-preview":"max-video-preview:-1"},"canonical":"https:\/\/www.camping-kersentic.com\/de\/alentours\/les-glenan-2\/","og_locale":"de_DE","og_type":"article","og_title":"Les Gl\u00e9nan - Camping de Kersentic","og_description":"Les Gl\u00e9nan Der Gl\u00e9nan-Archipel geh\u00f6rt zu den Orten, die Sie bei einem Campingurlaub im s\u00fcdlichen Finist\u00e8re unbedingt sehen m\u00fcssen. Dieser nat\u00fcrliche und gesch\u00fctzte Ort verf\u00fcgt \u00fcber eine unglaubliche Vielfalt an Flora und Fauna. Von Beg Meil, Concarneau, Tr\u00e9gunc oder B\u00e9nodet aus erreichen Sie dieses kleine St\u00fcck Paradies ganz einfach mit dem Boot. Wanderungen zur Entdeckung [&hellip;]","og_url":"https:\/\/www.camping-kersentic.com\/de\/alentours\/les-glenan-2\/","og_site_name":"Camping de Kersentic","article_publisher":"https:\/\/www.facebook.com\/campingdekersenticfouesnant\/","article_modified_time":"2025-05-26T08:46:08+00:00","og_image":[{"url":"https:\/\/www.camping-kersentic.com\/wp-content\/uploads\/2022\/10\/mini_crtb-ac5016_BERTHIER-Emmanuel-1024x683.jpg"}],"twitter_card":"summary_large_image","twitter_misc":{"Est. reading time":"3 Minuten"},"schema":{"@context":"https:\/\/schema.org","@graph":[{"@type":"WebPage","@id":"https:\/\/www.camping-kersentic.com\/de\/alentours\/les-glenan-2\/","url":"https:\/\/www.camping-kersentic.com\/de\/alentours\/les-glenan-2\/","name":"Les Gl\u00e9nan - Camping de Kersentic","isPartOf":{"@id":"https:\/\/www.camping-kersentic.com\/#website"},"datePublished":"2022-12-15T09:07:15+00:00","dateModified":"2025-05-26T08:46:08+00:00","breadcrumb":{"@id":"https:\/\/www.camping-kersentic.com\/de\/alentours\/les-glenan-2\/#breadcrumb"},"inLanguage":"de-DE","potentialAction":[{"@type":"ReadAction","target":["https:\/\/www.camping-kersentic.com\/de\/alentours\/les-glenan-2\/"]}]},{"@type":"BreadcrumbList","@id":"https:\/\/www.camping-kersentic.com\/de\/alentours\/les-glenan-2\/#breadcrumb","itemListElement":[{"@type":"ListItem","position":1,"name":"Home","item":"https:\/\/www.camping-kersentic.com\/de\/"},{"@type":"ListItem","position":2,"name":"Les Gl\u00e9nan"}]},{"@type":"WebSite","@id":"https:\/\/www.camping-kersentic.com\/#website","url":"https:\/\/www.camping-kersentic.com\/","name":"Camping de Kersentic","description":"Camping Fouesnant dans le Finist\u00e8re sud, locations de mobil-home, g\u00eetes, Coco Sweet, locations insolites, emplacements, piscine couverte et plage","publisher":{"@id":"https:\/\/www.camping-kersentic.com\/#organization"},"potentialAction":[{"@type":"SearchAction","target":{"@type":"EntryPoint","urlTemplate":"https:\/\/www.camping-kersentic.com\/?s={search_term_string}"},"query-input":"required name=search_term_string"}],"inLanguage":"de-DE"},{"@type":"Organization","@id":"https:\/\/www.camping-kersentic.com\/#organization","name":"Camping de Kersentic","url":"https:\/\/www.camping-kersentic.com\/","logo":{"@type":"ImageObject","inLanguage":"de-DE","@id":"https:\/\/www.camping-kersentic.com\/#\/schema\/logo\/image\/","url":"https:\/\/www.camping-kersentic.com\/wp-content\/uploads\/2025\/05\/LOGO2025_C.webp","contentUrl":"https:\/\/www.camping-kersentic.com\/wp-content\/uploads\/2025\/05\/LOGO2025_C.webp","width":764,"height":325,"caption":"Camping de Kersentic"},"image":{"@id":"https:\/\/www.camping-kersentic.com\/#\/schema\/logo\/image\/"},"sameAs":["https:\/\/www.instagram.com\/campingdekersentic\/?hl=fr","https:\/\/www.facebook.com\/campingdekersenticfouesnant\/"]}]}},"_links":{"self":[{"href":"https:\/\/www.camping-kersentic.com\/de\/wp-json\/wp\/v2\/alentours\/4075"}],"collection":[{"href":"https:\/\/www.camping-kersentic.com\/de\/wp-json\/wp\/v2\/alentours"}],"about":[{"href":"https:\/\/www.camping-kersentic.com\/de\/wp-json\/wp\/v2\/types\/alentours"}],"wp:attachment":[{"href":"https:\/\/www.camping-kersentic.com\/de\/wp-json\/wp\/v2\/media?parent=4075"}],"curies":[{"name":"wp","href":"https:\/\/api.w.org\/{rel}","templated":true}]}}