{"id":3726,"date":"2022-11-15T12:36:31","date_gmt":"2022-11-15T11:36:31","guid":{"rendered":"https:\/\/www.camping-kersentic.com\/umgebung\/"},"modified":"2025-05-26T10:58:14","modified_gmt":"2025-05-26T08:58:14","slug":"umgebung","status":"publish","type":"page","link":"https:\/\/www.camping-kersentic.com\/de\/umgebung\/","title":{"rendered":"Umgebung"},"content":{"rendered":"\n<figure class=\"wp-block-image alignfull size-large\"><img loading=\"lazy\" width=\"1024\" height=\"683\" src=\"https:\/\/www.camping-kersentic.com\/wp-content\/uploads\/2022\/10\/crtb-ac6296_JOB-Nicolas-1024x683.jpg\" alt=\"\" class=\"wp-image-2660\" srcset=\"https:\/\/www.camping-kersentic.com\/wp-content\/uploads\/2022\/10\/crtb-ac6296_JOB-Nicolas-1024x683.jpg 1024w, https:\/\/www.camping-kersentic.com\/wp-content\/uploads\/2022\/10\/crtb-ac6296_JOB-Nicolas-300x200.jpg 300w, https:\/\/www.camping-kersentic.com\/wp-content\/uploads\/2022\/10\/crtb-ac6296_JOB-Nicolas-768x513.jpg 768w, https:\/\/www.camping-kersentic.com\/wp-content\/uploads\/2022\/10\/crtb-ac6296_JOB-Nicolas-1536x1025.jpg 1536w, https:\/\/www.camping-kersentic.com\/wp-content\/uploads\/2022\/10\/crtb-ac6296_JOB-Nicolas-2048x1367.jpg 2048w\" sizes=\"(max-width: 1024px) 100vw, 1024px\" \/><figcaption>Spitze von Cap-Coz<\/figcaption><\/figure>\n\n\n\n<section class=\"wp-container-69f7608bd06f5 wp-block-group alignfull deco--vague K-10-a has-bleu-clair-background-color has-background\"><div class=\"wp-block-group__inner-container\">\n<div class=\"wp-block-columns\">\n<div class=\"wp-block-column\">\n<h1 id=\"decouverte-de-la-riviera-bretonne\"><strong>Entdeckung der bretonischen Riviera<\/strong><\/h1>\n\n\n\n<div class=\"wp-block-columns\">\n<div class=\"wp-block-column\">\n<figure class=\"wp-block-image alignfull size-large\"><img loading=\"lazy\" width=\"1024\" height=\"833\" src=\"https:\/\/www.camping-kersentic.com\/wp-content\/uploads\/2022\/08\/IMG_6227-scaled-e1665130073884-1024x833.jpg\" alt=\"\" class=\"wp-image-2768\" srcset=\"https:\/\/www.camping-kersentic.com\/wp-content\/uploads\/2022\/08\/IMG_6227-scaled-e1665130073884-1024x833.jpg 1024w, https:\/\/www.camping-kersentic.com\/wp-content\/uploads\/2022\/08\/IMG_6227-scaled-e1665130073884-300x244.jpg 300w, https:\/\/www.camping-kersentic.com\/wp-content\/uploads\/2022\/08\/IMG_6227-scaled-e1665130073884-768x624.jpg 768w, https:\/\/www.camping-kersentic.com\/wp-content\/uploads\/2022\/08\/IMG_6227-scaled-e1665130073884-1536x1249.jpg 1536w, https:\/\/www.camping-kersentic.com\/wp-content\/uploads\/2022\/08\/IMG_6227-scaled-e1665130073884.jpg 1920w\" sizes=\"(max-width: 1024px) 100vw, 1024px\" \/><\/figure>\n<\/div>\n\n\n\n<div class=\"wp-block-column\">\n<p>Die bretonische Riviera ist ein Traumziel, an dem die Natur, das Meer, die wei\u00dfen Sandstr\u00e4nde und die Gastronomie zu einer unvergesslichen Reise einladen. Der 4*Campingplatz Kersentic in <strong>Fouesnant<\/strong> les Gl\u00e9nan ist der ideale Ort, um sich aufzuhalten und unser kleines bretonisches Paradies zu erkunden. Nur 600 m vom Strand von <strong>Cap-Coz<\/strong> und etwa 1,5 km vom Stadtzentrum entfernt k\u00f6nnen Sie zu Fu\u00df oder mit dem Fahrrad eine au\u00dfergew\u00f6hnliche Umgebung genie\u00dfen, in der sich Natur und Meer vermischen.  <\/p>\n\n\n\n<div class=\"wp-block-group lire-plus-mobile\"><div class=\"wp-block-group__inner-container\">\n<p>Lesen Sie mehr<\/p>\n\n\n\n<div class=\"wp-container-69f7608bd0350 wp-block-group\"><div class=\"wp-block-group__inner-container\">\n<p>Entdecken Sie die <strong>bretonische<\/strong> Luft, indem Sie unsere Buchten auf dem GR\u00ae34 entdecken: <strong>Bot Conan, Kermil, La Roche Perc\u00e9e<\/strong> oder erkunden Sie die bretonische Karibik bis hin zum <strong>Archipel von Gl\u00e9nan<\/strong>.<\/p>\n\n\n\n<p>Wander- oder Fahrradliebhaber, zahlreiche Spazierg\u00e4nge und Wanderwege, GR\u00ae34, erwarten Sie in der N\u00e4he unseres <strong>Campingplatzes<\/strong>.<\/p>\n<\/div><\/div>\n<\/div><\/div>\n<\/div>\n<\/div>\n<\/div>\n\n\n\n<div class=\"wp-block-column\">\n<figure class=\"wp-block-image alignfull size-large\"><img loading=\"lazy\" width=\"1024\" height=\"681\" src=\"https:\/\/www.camping-kersentic.com\/wp-content\/uploads\/2022\/10\/crtb-ac3332_BERTHIER-Emmanuel-min-1024x681.jpg\" alt=\"\" class=\"wp-image-3202\" srcset=\"https:\/\/www.camping-kersentic.com\/wp-content\/uploads\/2022\/10\/crtb-ac3332_BERTHIER-Emmanuel-min-1024x681.jpg 1024w, https:\/\/www.camping-kersentic.com\/wp-content\/uploads\/2022\/10\/crtb-ac3332_BERTHIER-Emmanuel-min-300x200.jpg 300w, https:\/\/www.camping-kersentic.com\/wp-content\/uploads\/2022\/10\/crtb-ac3332_BERTHIER-Emmanuel-min-768x511.jpg 768w, https:\/\/www.camping-kersentic.com\/wp-content\/uploads\/2022\/10\/crtb-ac3332_BERTHIER-Emmanuel-min-1536x1022.jpg 1536w, https:\/\/www.camping-kersentic.com\/wp-content\/uploads\/2022\/10\/crtb-ac3332_BERTHIER-Emmanuel-min-2048x1363.jpg 2048w\" sizes=\"(max-width: 1024px) 100vw, 1024px\" \/><\/figure>\n<\/div>\n<\/div>\n<\/div><\/section>\n\n\n\n<div class=\"wp-block-cover alignfull is-light K-05-a margin-bot--min\"><span aria-hidden=\"true\" class=\"has-background-dim-0 wp-block-cover__gradient-background has-background-dim\"><\/span><img loading=\"lazy\" width=\"2560\" height=\"1655\" class=\"wp-block-cover__image-background wp-image-2719\" alt=\"\" src=\"https:\/\/www.camping-kersentic.com\/wp-content\/uploads\/2022\/10\/mini_crtb-ae00342_PORIEL-Thibault-scaled.jpg\" data-object-fit=\"cover\" srcset=\"https:\/\/www.camping-kersentic.com\/wp-content\/uploads\/2022\/10\/mini_crtb-ae00342_PORIEL-Thibault-scaled.jpg 2560w, https:\/\/www.camping-kersentic.com\/wp-content\/uploads\/2022\/10\/mini_crtb-ae00342_PORIEL-Thibault-300x194.jpg 300w, https:\/\/www.camping-kersentic.com\/wp-content\/uploads\/2022\/10\/mini_crtb-ae00342_PORIEL-Thibault-1024x662.jpg 1024w, https:\/\/www.camping-kersentic.com\/wp-content\/uploads\/2022\/10\/mini_crtb-ae00342_PORIEL-Thibault-768x496.jpg 768w, https:\/\/www.camping-kersentic.com\/wp-content\/uploads\/2022\/10\/mini_crtb-ae00342_PORIEL-Thibault-1536x993.jpg 1536w, https:\/\/www.camping-kersentic.com\/wp-content\/uploads\/2022\/10\/mini_crtb-ae00342_PORIEL-Thibault-2048x1324.jpg 2048w\" sizes=\"(max-width: 2560px) 100vw, 2560px\" \/><div class=\"wp-block-cover__inner-container\">\n<div class=\"wp-block-columns has-jaune-clair-background-color has-background\">\n<div class=\"wp-block-column\" style=\"flex-basis:48%\">\n<h2 id=\"focus-sur-la-bretagne\"><strong>Das <\/strong>s\u00fcdliche Finist\u00e8re und seine Sch\u00e4tze  <\/h2>\n\n\n\n<p class=\"h3 has-bleu-color has-text-color\">Entdecken, schlemmen, staunen&#8230;.<\/p>\n\n\n\n<p>Als authentisches Reiseziel wird Sie das s\u00fcdliche Finist\u00e8re mit seinen langen, feinen Sandstr\u00e4nden, kleinen Buchten, Fischerh\u00e4fen und blumengeschm\u00fcckten D\u00f6rfern verzaubern. Ein Traumziel f\u00fcr Sportler mit 250 km Wanderwegen, zahlreichen Radwegen, Surf-, Kitesurf-, Paddel- und Katamaranspots&#8230; Aber vor allem eine echte Gastronomie, in der die Aromen von Land und Meer t\u00e4glich miteinander verbunden werden. Ein wahres Konzentrat des bretonischen Paradieses.<\/p>\n\n\n\n<div class=\"wp-block-group lire-plus-pc\"><div class=\"wp-block-group__inner-container\">\n<p>Lesen Sie mehr<\/p>\n\n\n\n<div class=\"wp-container-69f7608bd0b16 wp-block-group\"><div class=\"wp-block-group__inner-container\">\n<p><strong>Die Gl\u00e9nan-Inseln<\/strong>: Dieses Inselparadies wird Sie nicht unber\u00fchrt lassen. Sie wird Sie mit ihren wei\u00dfen Sandstr\u00e4nden und dem durchscheinenden, t\u00fcrkisfarbenen Wasser begeistern. Im Fr\u00fchling lernen Sie die auf der Insel endemische Gl\u00e9nan-Narzisse kennen.<\/p>\n\n\n\n<p><strong>Concarneau: <\/strong> Der Badeort Concarneau, die drittgr\u00f6\u00dfte Stadt des Finist\u00e8re, zeichnet sich durch seine wundersch\u00f6nen Str\u00e4nde und K\u00fcstenpfade aus. Die Stadt ist von einer Steinmauer umgeben, die aus einer bestimmten Epoche stammt und in der sich wundersch\u00f6ne, mit Blumen geschm\u00fcckte Fachwerkh\u00e4user befinden. Diese Stadt aus dem 15. und 16. Jahrhundert bietet Ihnen einen unvergleichlichen Anblick auf den Jachthafen, den Fischereihafen und die Bucht von Concarneau.<\/p>\n\n\n\n<p><strong>B\u00e9nodet: <\/strong> Mit seinen Freizeitangeboten und seinem maritimen Erbe ist es ein ideales Ziel w\u00e4hrend der Sommermonate. Der Badeort, der zwischen Meer und Fluss liegt, l\u00e4dt Sie ein, seine Reicht\u00fcmer zu entdecken. Mit den zwei Str\u00e4nden, den H\u00e4fen und den Spazierg\u00e4ngen entlang der K\u00fcste haben Sie immer etwas zu tun.<\/p>\n\n\n\n<p><strong>Locronan<\/strong>: Bekannt als Petite Cit\u00e9 de Caract\u00e8re (kleine Stadt mit Charakter), geh\u00f6rt sie zu den beliebtesten und angesehensten Orten der Bretagne. Er ist sowohl eine wahre Inspirationsquelle f\u00fcr K\u00fcnstler als auch ein beliebtes Ziel f\u00fcr Rad- und Wandertouren. Dieser Touristenort ist nur 5 km vom Meer entfernt und auf einem Berg eingebettet.<\/p>\n<\/div><\/div>\n<\/div><\/div>\n<\/div>\n\n\n\n<div class=\"wp-block-column bot galerie_2\">\n<figure class=\"wp-block-gallery has-nested-images columns-default is-cropped\">\n<figure class=\"wp-block-image size-large\"><img loading=\"lazy\" width=\"1024\" height=\"939\" src=\"https:\/\/www.camping-kersentic.com\/wp-content\/uploads\/2022\/10\/crtb-ae04984_SALDON-Joana-scaled-e1665130196761-1024x939.jpeg\" alt=\"\" class=\"wp-image-2735\" srcset=\"https:\/\/www.camping-kersentic.com\/wp-content\/uploads\/2022\/10\/crtb-ae04984_SALDON-Joana-scaled-e1665130196761-1024x939.jpeg 1024w, https:\/\/www.camping-kersentic.com\/wp-content\/uploads\/2022\/10\/crtb-ae04984_SALDON-Joana-scaled-e1665130196761-300x275.jpeg 300w, https:\/\/www.camping-kersentic.com\/wp-content\/uploads\/2022\/10\/crtb-ae04984_SALDON-Joana-scaled-e1665130196761-768x704.jpeg 768w, https:\/\/www.camping-kersentic.com\/wp-content\/uploads\/2022\/10\/crtb-ae04984_SALDON-Joana-scaled-e1665130196761-1536x1408.jpeg 1536w, https:\/\/www.camping-kersentic.com\/wp-content\/uploads\/2022\/10\/crtb-ae04984_SALDON-Joana-scaled-e1665130196761.jpeg 1920w\" sizes=\"(max-width: 1024px) 100vw, 1024px\" \/><\/figure>\n\n\n\n<figure class=\"wp-block-image size-large\"><img loading=\"lazy\" width=\"1024\" height=\"683\" src=\"https:\/\/www.camping-kersentic.com\/wp-content\/uploads\/2022\/10\/crtb-ad2077_DERENNES-Yannick-1024x683.jpg\" alt=\"\" class=\"wp-image-3238\" srcset=\"https:\/\/www.camping-kersentic.com\/wp-content\/uploads\/2022\/10\/crtb-ad2077_DERENNES-Yannick-1024x683.jpg 1024w, https:\/\/www.camping-kersentic.com\/wp-content\/uploads\/2022\/10\/crtb-ad2077_DERENNES-Yannick-300x200.jpg 300w, https:\/\/www.camping-kersentic.com\/wp-content\/uploads\/2022\/10\/crtb-ad2077_DERENNES-Yannick-768x512.jpg 768w, https:\/\/www.camping-kersentic.com\/wp-content\/uploads\/2022\/10\/crtb-ad2077_DERENNES-Yannick-1536x1024.jpg 1536w, https:\/\/www.camping-kersentic.com\/wp-content\/uploads\/2022\/10\/crtb-ad2077_DERENNES-Yannick-2048x1365.jpg 2048w\" sizes=\"(max-width: 1024px) 100vw, 1024px\" \/><\/figure>\n<\/figure>\n\n\n\n<div class=\"wp-container-69f7608bd0ed6 wp-block-buttons\">\n<div class=\"wp-block-button btn_galerie\"><a class=\"wp-block-button__link\" href=\"https:\/\/www.camping-kersentic.com\/de\/galerie-photos\/?galerie=alentours\"><i class=\"far fa-images\"><\/i>  Fotogalerie<\/a><\/div>\n<\/div>\n<\/div>\n<\/div>\n<\/div><\/div>\n\n\n\n<section class=\"wp-container-69f7608bd1659 wp-block-group  deco--illu4\"><div class=\"wp-block-group__inner-container\">\n<div class=\"wp-block-columns reverse-mob\">\n<div class=\"wp-block-column galerie_3\">\n<figure class=\"wp-block-gallery has-nested-images columns-2 is-cropped\">\n<figure class=\"wp-block-image size-large\"><img loading=\"lazy\" width=\"1024\" height=\"768\" src=\"https:\/\/www.camping-kersentic.com\/wp-content\/uploads\/2022\/10\/Iles-Glenan-Fouesnant-Camping-Kersentic-min-1024x768.jpg\" alt=\"\" class=\"wp-image-3413\" srcset=\"https:\/\/www.camping-kersentic.com\/wp-content\/uploads\/2022\/10\/Iles-Glenan-Fouesnant-Camping-Kersentic-min-1024x768.jpg 1024w, https:\/\/www.camping-kersentic.com\/wp-content\/uploads\/2022\/10\/Iles-Glenan-Fouesnant-Camping-Kersentic-min-300x225.jpg 300w, https:\/\/www.camping-kersentic.com\/wp-content\/uploads\/2022\/10\/Iles-Glenan-Fouesnant-Camping-Kersentic-min-768x576.jpg 768w, https:\/\/www.camping-kersentic.com\/wp-content\/uploads\/2022\/10\/Iles-Glenan-Fouesnant-Camping-Kersentic-min-1536x1152.jpg 1536w, https:\/\/www.camping-kersentic.com\/wp-content\/uploads\/2022\/10\/Iles-Glenan-Fouesnant-Camping-Kersentic-min-2048x1536.jpg 2048w\" sizes=\"(max-width: 1024px) 100vw, 1024px\" \/><\/figure>\n\n\n\n<figure class=\"wp-block-image size-large\"><img loading=\"lazy\" width=\"1024\" height=\"675\" src=\"https:\/\/www.camping-kersentic.com\/wp-content\/uploads\/2022\/10\/crtb-aa7924-1024x675.jpg\" alt=\"\" class=\"wp-image-2758\" srcset=\"https:\/\/www.camping-kersentic.com\/wp-content\/uploads\/2022\/10\/crtb-aa7924-1024x675.jpg 1024w, https:\/\/www.camping-kersentic.com\/wp-content\/uploads\/2022\/10\/crtb-aa7924-300x198.jpg 300w, https:\/\/www.camping-kersentic.com\/wp-content\/uploads\/2022\/10\/crtb-aa7924-768x506.jpg 768w, https:\/\/www.camping-kersentic.com\/wp-content\/uploads\/2022\/10\/crtb-aa7924-1536x1013.jpg 1536w, https:\/\/www.camping-kersentic.com\/wp-content\/uploads\/2022\/10\/crtb-aa7924.jpg 1800w\" sizes=\"(max-width: 1024px) 100vw, 1024px\" \/><\/figure>\n\n\n\n<figure class=\"wp-block-image size-full\"><img loading=\"lazy\" width=\"1920\" height=\"1100\" src=\"https:\/\/www.camping-kersentic.com\/wp-content\/uploads\/2022\/08\/benodet.jpg\" alt=\"\" class=\"wp-image-901\" srcset=\"https:\/\/www.camping-kersentic.com\/wp-content\/uploads\/2022\/08\/benodet.jpg 1920w, https:\/\/www.camping-kersentic.com\/wp-content\/uploads\/2022\/08\/benodet-300x172.jpg 300w, https:\/\/www.camping-kersentic.com\/wp-content\/uploads\/2022\/08\/benodet-1024x587.jpg 1024w, https:\/\/www.camping-kersentic.com\/wp-content\/uploads\/2022\/08\/benodet-768x440.jpg 768w, https:\/\/www.camping-kersentic.com\/wp-content\/uploads\/2022\/08\/benodet-1536x880.jpg 1536w\" sizes=\"(max-width: 1920px) 100vw, 1920px\" \/><\/figure>\n<\/figure>\n<\/div>\n\n\n\n<div class=\"wp-block-column\" style=\"flex-basis:48%\">\n<h2 id=\"focus-sur-la-bretagne\">Was man <strong>in Fouesnant<\/strong> tun und sehen kann<\/h2>\n\n\n\n<p>Um Ihren Aufenthalt auf einem Campingplatz <strong>in der Bretagne in Fouesnant<\/strong> auszuf\u00fcllen, sollten Sie wissen, dass es viele Ideen f\u00fcr Besichtigungen gibt. Die Region wird von vielen Skippern besucht, die ihre Boote im Yachthafen von Port la For\u00eat liegen haben. Das <strong>Wassersportzentrum<\/strong> in diesem Land der Seefahrer bietet Ihnen einen qualitativ hochwertigen Unterricht, der weltweit bekannt ist. Sie haben die M\u00f6glichkeit, <strong>von Cap-Coz bis zur Spitze von Mousterlin<\/strong> zu segeln. Sie werden die sch\u00f6nen Str\u00e4nde betrachten, die von duftenden Pinienw\u00e4ldern und t\u00fcrkisfarbenem Meer ges\u00e4umt sind.<\/p>\n\n\n\n<div class=\"wp-block-group lire-plus-mobile\"><div class=\"wp-block-group__inner-container\">\n<p>Lesen Sie mehr<\/p>\n\n\n\n<div class=\"wp-container-69f7608bd1364 wp-block-group\"><div class=\"wp-block-group__inner-container\">\n<p>Am Cap-Coz schlendern Sie <strong>zwischen den verschiedenen Buchten hin und her, bis Sie den Felsen Perc\u00e9e<\/strong> erreichen. Wenn Sie von der Pointe de <strong>Mousterlin <\/strong>aus nach <strong>B\u00e9nodet<\/strong> fahren, landen Sie in der himmlischen Landschaft des wei\u00dfen Meeres. Dieses Meer zeichnet sich durch sein klares Wasser aus, das von wundersch\u00f6nen Sandb\u00e4nken eingebettet ist. Beim \u00dcbergang in die Baie de la For\u00eat k\u00f6nnen Sie in <strong>Beg Meil<\/strong> einen Zwischenstopp einlegen. Sein Panorama wechselt zwischen wundersch\u00f6nen Str\u00e4nden und felsigen Buchten. Auch sch\u00f6ne Villen aus der Epoche stehen dort!<\/p>\n<\/div><\/div>\n<\/div><\/div>\n<\/div>\n<\/div>\n<\/div><\/section>\n\n\n\r\n<section id=\"fc-alentours\" class=\"wp-block-columns\">\r\n\r\n  <div id=\"listing-alentours\" class=\"wp-block-column\">\r\n    \r\n    <div class=\"filtres\">\r\n      <div>\r\n        <input id=\"all\" name=\"filter\" type=\"radio\" class=\"all-input\" checked=\"checked\" \/>\r\n        <label for=\"all\" class=\"all-label\">Alle Orte<\/label>\r\n      <\/div>\r\n      <div><input id=\"ville-villages-de\" name=\"filter\" type=\"radio\" \/><label for=\"ville-villages-de\">Stadt \/ D\u00f6rfer<\/label><\/div><div><input id=\"plage-de\" name=\"filter\" type=\"radio\" \/><label for=\"plage-de\">Strand<\/label><\/div>      <input type='hidden' id='current_page'\/>\r\n      <input type='hidden' id='show_per_page'\/>\r\n    <\/div>\r\n\r\n    <div id=\"listing\">\r\n              <article class=\"lieu-alentour currentCat visuel\" data-cat=\"camping-de\" data-slug=\"campingplatz-de-kersentic\" data-icone=\"campground\" data-couleur=\"#748697\" data-latitude=\"47.8862439\" data-longitude=\"-3.9959628\">\r\n          <div class=\"texte-lieu\">\r\n            <p class=\"categorie-lieu\">\r\n              <i class=\"campground ac\"><\/i>camping            <\/p>\r\n            <p class=\"titre-lieu\">Camping de Kersentic<\/p>\r\n          <\/div>\r\n          <img width=\"300\" height=\"157\" src=\"https:\/\/www.camping-kersentic.com\/wp-content\/uploads\/2022\/08\/kersentic_accueil-camping-fouesnant-300x157.jpg\" class=\"attachment-medium size-medium\" alt=\"\" loading=\"lazy\" srcset=\"https:\/\/www.camping-kersentic.com\/wp-content\/uploads\/2022\/08\/kersentic_accueil-camping-fouesnant-300x157.jpg 300w, https:\/\/www.camping-kersentic.com\/wp-content\/uploads\/2022\/08\/kersentic_accueil-camping-fouesnant-1024x536.jpg 1024w, https:\/\/www.camping-kersentic.com\/wp-content\/uploads\/2022\/08\/kersentic_accueil-camping-fouesnant-768x402.jpg 768w, https:\/\/www.camping-kersentic.com\/wp-content\/uploads\/2022\/08\/kersentic_accueil-camping-fouesnant-1536x805.jpg 1536w, https:\/\/www.camping-kersentic.com\/wp-content\/uploads\/2022\/08\/kersentic_accueil-camping-fouesnant.jpg 1920w\" sizes=\"(max-width: 300px) 100vw, 300px\" \/>        <\/article>\r\n              <a href=\"https:\/\/www.camping-kersentic.com\/de\/alentours\/les-glenan-2\/\" class=\"lieu-alentour currentCat visuel\" data-cat=\"plage-de\" data-slug=\"les-glenan-2\" data-icone=\"\" data-couleur=\"\" data-latitude=\"47.7153304\" data-longitude=\"-3.9866082\">\r\n          <div class=\"texte-lieu\">\r\n            <p class=\"categorie-lieu\">\r\n              <i class=\"fas fa-map-marker-alt sa\"><\/i>Strand            <\/p>\r\n            <p class=\"titre-lieu\">Les Gl\u00e9nan<\/p>\r\n          <\/div>\r\n          <img width=\"300\" height=\"199\" src=\"https:\/\/www.camping-kersentic.com\/wp-content\/uploads\/2022\/10\/mini_crtb-ac4972_BERTHIER-Emmanuel-1-300x199.jpg\" class=\"attachment-medium size-medium\" alt=\"\" loading=\"lazy\" srcset=\"https:\/\/www.camping-kersentic.com\/wp-content\/uploads\/2022\/10\/mini_crtb-ac4972_BERTHIER-Emmanuel-1-300x199.jpg 300w, https:\/\/www.camping-kersentic.com\/wp-content\/uploads\/2022\/10\/mini_crtb-ac4972_BERTHIER-Emmanuel-1-1024x681.jpg 1024w, https:\/\/www.camping-kersentic.com\/wp-content\/uploads\/2022\/10\/mini_crtb-ac4972_BERTHIER-Emmanuel-1-768x511.jpg 768w, https:\/\/www.camping-kersentic.com\/wp-content\/uploads\/2022\/10\/mini_crtb-ac4972_BERTHIER-Emmanuel-1-1536x1021.jpg 1536w, https:\/\/www.camping-kersentic.com\/wp-content\/uploads\/2022\/10\/mini_crtb-ac4972_BERTHIER-Emmanuel-1-2048x1362.jpg 2048w\" sizes=\"(max-width: 300px) 100vw, 300px\" \/>        <\/a>\r\n              <a href=\"https:\/\/www.camping-kersentic.com\/de\/alentours\/concarneau-2\/\" class=\"lieu-alentour currentCat visuel\" data-cat=\"ville-villages-de\" data-slug=\"concarneau-2\" data-icone=\"\" data-couleur=\"\" data-latitude=\"47.872834\" data-longitude=\"-3.920734\">\r\n          <div class=\"texte-lieu\">\r\n            <p class=\"categorie-lieu\">\r\n              <i class=\"fas fa-map-marker-alt sa\"><\/i>Stadt \/ D\u00f6rfer            <\/p>\r\n            <p class=\"titre-lieu\">Concarneau<\/p>\r\n          <\/div>\r\n          <img width=\"300\" height=\"200\" src=\"https:\/\/www.camping-kersentic.com\/wp-content\/uploads\/2022\/08\/concarneau-300x200.jpg\" class=\"attachment-medium size-medium\" alt=\"\" loading=\"lazy\" srcset=\"https:\/\/www.camping-kersentic.com\/wp-content\/uploads\/2022\/08\/concarneau-300x200.jpg 300w, https:\/\/www.camping-kersentic.com\/wp-content\/uploads\/2022\/08\/concarneau-1024x682.jpg 1024w, https:\/\/www.camping-kersentic.com\/wp-content\/uploads\/2022\/08\/concarneau-768x511.jpg 768w, https:\/\/www.camping-kersentic.com\/wp-content\/uploads\/2022\/08\/concarneau.jpg 1200w\" sizes=\"(max-width: 300px) 100vw, 300px\" \/>        <\/a>\r\n              <a href=\"https:\/\/www.camping-kersentic.com\/de\/alentours\/benodet-2\/\" class=\"lieu-alentour currentCat visuel\" data-cat=\"ville-villages-de\" data-slug=\"benodet-2\" data-icone=\"\" data-couleur=\"\" data-latitude=\"47.875568\" data-longitude=\"-4.1063729\">\r\n          <div class=\"texte-lieu\">\r\n            <p class=\"categorie-lieu\">\r\n              <i class=\"fas fa-map-marker-alt sa\"><\/i>Stadt \/ D\u00f6rfer            <\/p>\r\n            <p class=\"titre-lieu\">B\u00e9nodet<\/p>\r\n          <\/div>\r\n          <img width=\"225\" height=\"300\" src=\"https:\/\/www.camping-kersentic.com\/wp-content\/uploads\/2022\/08\/IMG_6227-225x300.jpg\" class=\"attachment-medium size-medium\" alt=\"\" loading=\"lazy\" srcset=\"https:\/\/www.camping-kersentic.com\/wp-content\/uploads\/2022\/08\/IMG_6227-225x300.jpg 225w, https:\/\/www.camping-kersentic.com\/wp-content\/uploads\/2022\/08\/IMG_6227-768x1024.jpg 768w, https:\/\/www.camping-kersentic.com\/wp-content\/uploads\/2022\/08\/IMG_6227-1152x1536.jpg 1152w, https:\/\/www.camping-kersentic.com\/wp-content\/uploads\/2022\/08\/IMG_6227-1536x2048.jpg 1536w, https:\/\/www.camping-kersentic.com\/wp-content\/uploads\/2022\/08\/IMG_6227-scaled.jpg 1920w\" sizes=\"(max-width: 225px) 100vw, 225px\" \/>        <\/a>\r\n              <a href=\"https:\/\/www.camping-kersentic.com\/de\/alentours\/quimper-2\/\" class=\"lieu-alentour currentCat visuel\" data-cat=\"ville-villages-de\" data-slug=\"quimper-2\" data-icone=\"\" data-couleur=\"\" data-latitude=\"47.997542\" data-longitude=\"-4.097899\">\r\n          <div class=\"texte-lieu\">\r\n            <p class=\"categorie-lieu\">\r\n              <i class=\"fas fa-map-marker-alt sa\"><\/i>Stadt \/ D\u00f6rfer            <\/p>\r\n            <p class=\"titre-lieu\">Quimper<\/p>\r\n          <\/div>\r\n          <img width=\"300\" height=\"200\" src=\"https:\/\/www.camping-kersentic.com\/wp-content\/uploads\/2022\/08\/quimper-300x200.jpg\" class=\"attachment-medium size-medium\" alt=\"\" loading=\"lazy\" srcset=\"https:\/\/www.camping-kersentic.com\/wp-content\/uploads\/2022\/08\/quimper-300x200.jpg 300w, https:\/\/www.camping-kersentic.com\/wp-content\/uploads\/2022\/08\/quimper-1024x683.jpg 1024w, https:\/\/www.camping-kersentic.com\/wp-content\/uploads\/2022\/08\/quimper-768x512.jpg 768w, https:\/\/www.camping-kersentic.com\/wp-content\/uploads\/2022\/08\/quimper.jpg 1200w\" sizes=\"(max-width: 300px) 100vw, 300px\" \/>        <\/a>\r\n              <a href=\"https:\/\/www.camping-kersentic.com\/de\/alentours\/locronan\/\" class=\"lieu-alentour currentCat visuel\" data-cat=\"ville-villages-de\" data-slug=\"locronan\" data-icone=\"\" data-couleur=\"\" data-latitude=\"48.098711\" data-longitude=\"-4.207479\">\r\n          <div class=\"texte-lieu\">\r\n            <p class=\"categorie-lieu\">\r\n              <i class=\"fas fa-map-marker-alt sa\"><\/i>Stadt \/ D\u00f6rfer            <\/p>\r\n            <p class=\"titre-lieu\">Locronan<\/p>\r\n          <\/div>\r\n          <img width=\"300\" height=\"200\" src=\"https:\/\/www.camping-kersentic.com\/wp-content\/uploads\/2022\/08\/village-g77c1668b7_640-300x200.jpg\" class=\"attachment-medium size-medium\" alt=\"\" loading=\"lazy\" srcset=\"https:\/\/www.camping-kersentic.com\/wp-content\/uploads\/2022\/08\/village-g77c1668b7_640-300x200.jpg 300w, https:\/\/www.camping-kersentic.com\/wp-content\/uploads\/2022\/08\/village-g77c1668b7_640.jpg 640w\" sizes=\"(max-width: 300px) 100vw, 300px\" \/>        <\/a>\r\n              <a href=\"https:\/\/www.camping-kersentic.com\/de\/alentours\/strand-von-cap-coz\/\" class=\"lieu-alentour currentCat visuel\" data-cat=\"plage-de\" data-slug=\"strand-von-cap-coz\" data-icone=\"\" data-couleur=\"\" data-latitude=\"47.888008407909\" data-longitude=\"-3.9811946236645\">\r\n          <div class=\"texte-lieu\">\r\n            <p class=\"categorie-lieu\">\r\n              <i class=\"fas fa-map-marker-alt sa\"><\/i>Strand            <\/p>\r\n            <p class=\"titre-lieu\">Plage du Cap Coz<\/p>\r\n          <\/div>\r\n          <img width=\"300\" height=\"135\" src=\"https:\/\/www.camping-kersentic.com\/wp-content\/uploads\/2022\/10\/IMG_20220414_135516-300x135.jpg\" class=\"attachment-medium size-medium\" alt=\"\" loading=\"lazy\" srcset=\"https:\/\/www.camping-kersentic.com\/wp-content\/uploads\/2022\/10\/IMG_20220414_135516-300x135.jpg 300w, https:\/\/www.camping-kersentic.com\/wp-content\/uploads\/2022\/10\/IMG_20220414_135516-1024x461.jpg 1024w, https:\/\/www.camping-kersentic.com\/wp-content\/uploads\/2022\/10\/IMG_20220414_135516-768x346.jpg 768w, https:\/\/www.camping-kersentic.com\/wp-content\/uploads\/2022\/10\/IMG_20220414_135516-1536x691.jpg 1536w, https:\/\/www.camping-kersentic.com\/wp-content\/uploads\/2022\/10\/IMG_20220414_135516-2048x922.jpg 2048w\" sizes=\"(max-width: 300px) 100vw, 300px\" \/>        <\/a>\r\n              <a href=\"https:\/\/www.camping-kersentic.com\/de\/alentours\/bache-von-beg-meil\/\" class=\"lieu-alentour currentCat visuel\" data-cat=\"plage-de\" data-slug=\"bache-von-beg-meil\" data-icone=\"\" data-couleur=\"\" data-latitude=\"47.857061\" data-longitude=\"-3.982299\">\r\n          <div class=\"texte-lieu\">\r\n            <p class=\"categorie-lieu\">\r\n              <i class=\"fas fa-map-marker-alt sa\"><\/i>Strand            <\/p>\r\n            <p class=\"titre-lieu\">Criques de Beg Meil<\/p>\r\n          <\/div>\r\n          <img width=\"300\" height=\"200\" src=\"https:\/\/www.camping-kersentic.com\/wp-content\/uploads\/2022\/08\/crtb-ad7794_L_oeil-de-Paco-min-300x200.jpg\" class=\"attachment-medium size-medium\" alt=\"\" loading=\"lazy\" srcset=\"https:\/\/www.camping-kersentic.com\/wp-content\/uploads\/2022\/08\/crtb-ad7794_L_oeil-de-Paco-min-300x200.jpg 300w, https:\/\/www.camping-kersentic.com\/wp-content\/uploads\/2022\/08\/crtb-ad7794_L_oeil-de-Paco-min-1024x683.jpg 1024w, https:\/\/www.camping-kersentic.com\/wp-content\/uploads\/2022\/08\/crtb-ad7794_L_oeil-de-Paco-min-768x512.jpg 768w, https:\/\/www.camping-kersentic.com\/wp-content\/uploads\/2022\/08\/crtb-ad7794_L_oeil-de-Paco-min-1536x1024.jpg 1536w, https:\/\/www.camping-kersentic.com\/wp-content\/uploads\/2022\/08\/crtb-ad7794_L_oeil-de-Paco-min-2048x1365.jpg 2048w\" sizes=\"(max-width: 300px) 100vw, 300px\" \/>        <\/a>\r\n              <a href=\"https:\/\/www.camping-kersentic.com\/de\/alentours\/strande-von-beg-meil-bis-mousterlin\/\" class=\"lieu-alentour currentCat visuel\" data-cat=\"plage-de\" data-slug=\"strande-von-beg-meil-bis-mousterlin\" data-icone=\"\" data-couleur=\"\" data-latitude=\"47.84669\" data-longitude=\"-4.04116\">\r\n          <div class=\"texte-lieu\">\r\n            <p class=\"categorie-lieu\">\r\n              <i class=\"fas fa-map-marker-alt sa\"><\/i>Strand            <\/p>\r\n            <p class=\"titre-lieu\">Plages de Beg Meil \u00e0 Mousterlin<\/p>\r\n          <\/div>\r\n          <img width=\"225\" height=\"300\" src=\"https:\/\/www.camping-kersentic.com\/wp-content\/uploads\/2022\/08\/IMG_8050-225x300.jpg\" class=\"attachment-medium size-medium\" alt=\"\" loading=\"lazy\" srcset=\"https:\/\/www.camping-kersentic.com\/wp-content\/uploads\/2022\/08\/IMG_8050-225x300.jpg 225w, https:\/\/www.camping-kersentic.com\/wp-content\/uploads\/2022\/08\/IMG_8050-768x1024.jpg 768w, https:\/\/www.camping-kersentic.com\/wp-content\/uploads\/2022\/08\/IMG_8050-1152x1536.jpg 1152w, https:\/\/www.camping-kersentic.com\/wp-content\/uploads\/2022\/08\/IMG_8050-1536x2048.jpg 1536w, https:\/\/www.camping-kersentic.com\/wp-content\/uploads\/2022\/08\/IMG_8050-scaled.jpg 1920w\" sizes=\"(max-width: 225px) 100vw, 225px\" \/>        <\/a>\r\n          <\/div>\r\n    <div id='page_navigation'><\/div>\r\n  <\/div>\r\n\r\n  <div id=\"map-alentours\" class=\"wp-block-column\">\r\n    <div id=\"map\"><\/div>\r\n  <\/div>\r\n\r\n<\/section>\r\n\r\n\n\n\n<section class=\"wp-container-69f7608bd76f7 wp-block-group alignfull deco--vague has-bleu-clair-background-color has-background\"><div class=\"wp-block-group__inner-container\">\n<div class=\"wp-block-columns\">\n<div class=\"wp-block-column\" style=\"flex-basis:48%\">\n<h2 id=\"focus-sur-la-bretagne\"><strong>Vedettes <\/strong>de l&#8217;odet<\/h2>\n\n\n\n<p>Wir arbeiten mit den <strong>Vedettes de l&#8217;Odet<\/strong> zusammen, um Ihnen einen Ausflug zu den <strong>Gl\u00e9nan-Inseln<\/strong> oder eine Fahrt mit dem Boot auf der Odet zu organisieren.<\/p>\n\n\n\n<p>Von April bis September holen Sie Ihre Tickets direkt an unserer Rezeption ab. Sie brauchen nicht mehr in ihre Filiale zu gehen.<\/p>\n\n\n\n<div class=\"wp-block-group encart-information\"><div class=\"wp-block-group__inner-container\">\n<p>Die Fahrpl\u00e4ne der Schiffe sind abrufbar unter: <a rel=\"noreferrer noopener\" href=\"http:\/\/www.vedettes-odet.com\/\" target=\"_blank\">www.vedettes-odet.com<\/a><\/p>\n<\/div><\/div>\n<\/div>\n\n\n\n<div class=\"wp-block-column\">\n<figure class=\"wp-block-image alignfull size-large\"><img loading=\"lazy\" width=\"1024\" height=\"535\" src=\"https:\/\/www.camping-kersentic.com\/wp-content\/uploads\/2022\/09\/image-1-1024x535.jpg\" alt=\"\" class=\"wp-image-1140\" srcset=\"https:\/\/www.camping-kersentic.com\/wp-content\/uploads\/2022\/09\/image-1-1024x536.jpg 1024w, https:\/\/www.camping-kersentic.com\/wp-content\/uploads\/2022\/09\/image-1-300x157.jpg 300w, https:\/\/www.camping-kersentic.com\/wp-content\/uploads\/2022\/09\/image-1-768x401.jpg 768w, https:\/\/www.camping-kersentic.com\/wp-content\/uploads\/2022\/09\/image-1.jpg 1200w\" sizes=\"(max-width: 1024px) 100vw, 1024px\" \/><\/figure>\n<\/div>\n<\/div>\n<\/div><\/section>\n","protected":false},"excerpt":{"rendered":"<p>Entdeckung der bretonischen Riviera Die bretonische Riviera ist ein Traumziel, an dem die Natur, das Meer, die wei\u00dfen Sandstr\u00e4nde und die Gastronomie zu einer unvergesslichen Reise einladen. Der 4*Campingplatz Kersentic in Fouesnant les Gl\u00e9nan ist der ideale Ort, um sich aufzuhalten und unser kleines bretonisches Paradies zu erkunden. Nur 600 m vom Strand von Cap-Coz [&hellip;]<\/p>\n","protected":false},"author":1,"featured_media":2665,"parent":0,"menu_order":0,"comment_status":"closed","ping_status":"closed","template":"","meta":[],"acf":[],"yoast_head":"<!-- This site is optimized with the Yoast SEO plugin v19.9 - https:\/\/yoast.com\/wordpress\/plugins\/seo\/ -->\n<title>Umgebung - Camping de Kersentic<\/title>\n<meta name=\"robots\" content=\"index, follow, max-snippet:-1, max-image-preview:large, max-video-preview:-1\" \/>\n<link rel=\"canonical\" href=\"https:\/\/www.camping-kersentic.com\/de\/umgebung\/\" \/>\n<meta property=\"og:locale\" content=\"de_DE\" \/>\n<meta property=\"og:type\" content=\"article\" \/>\n<meta property=\"og:title\" content=\"Umgebung - Camping de Kersentic\" \/>\n<meta property=\"og:description\" content=\"Entdeckung der bretonischen Riviera Die bretonische Riviera ist ein Traumziel, an dem die Natur, das Meer, die wei\u00dfen Sandstr\u00e4nde und die Gastronomie zu einer unvergesslichen Reise einladen. Der 4*Campingplatz Kersentic in Fouesnant les Gl\u00e9nan ist der ideale Ort, um sich aufzuhalten und unser kleines bretonisches Paradies zu erkunden. Nur 600 m vom Strand von Cap-Coz [&hellip;]\" \/>\n<meta property=\"og:url\" content=\"https:\/\/www.camping-kersentic.com\/de\/umgebung\/\" \/>\n<meta property=\"og:site_name\" content=\"Camping de Kersentic\" \/>\n<meta property=\"article:publisher\" content=\"https:\/\/www.facebook.com\/campingdekersenticfouesnant\/\" \/>\n<meta property=\"article:modified_time\" content=\"2025-05-26T08:58:14+00:00\" \/>\n<meta property=\"og:image\" content=\"https:\/\/www.camping-kersentic.com\/wp-content\/uploads\/2022\/10\/mini_crtb-ad3020_DERENNES-Yannick-scaled.jpg\" \/>\n\t<meta property=\"og:image:width\" content=\"2560\" \/>\n\t<meta property=\"og:image:height\" content=\"1707\" \/>\n\t<meta property=\"og:image:type\" content=\"image\/jpeg\" \/>\n<meta name=\"twitter:card\" content=\"summary_large_image\" \/>\n<meta name=\"twitter:label1\" content=\"Est. reading time\" \/>\n\t<meta name=\"twitter:data1\" content=\"4 Minuten\" \/>\n<script type=\"application\/ld+json\" class=\"yoast-schema-graph\">{\"@context\":\"https:\/\/schema.org\",\"@graph\":[{\"@type\":\"WebPage\",\"@id\":\"https:\/\/www.camping-kersentic.com\/de\/umgebung\/\",\"url\":\"https:\/\/www.camping-kersentic.com\/de\/umgebung\/\",\"name\":\"Umgebung - Camping de Kersentic\",\"isPartOf\":{\"@id\":\"https:\/\/www.camping-kersentic.com\/#website\"},\"datePublished\":\"2022-11-15T11:36:31+00:00\",\"dateModified\":\"2025-05-26T08:58:14+00:00\",\"breadcrumb\":{\"@id\":\"https:\/\/www.camping-kersentic.com\/de\/umgebung\/#breadcrumb\"},\"inLanguage\":\"de-DE\",\"potentialAction\":[{\"@type\":\"ReadAction\",\"target\":[\"https:\/\/www.camping-kersentic.com\/de\/umgebung\/\"]}]},{\"@type\":\"BreadcrumbList\",\"@id\":\"https:\/\/www.camping-kersentic.com\/de\/umgebung\/#breadcrumb\",\"itemListElement\":[{\"@type\":\"ListItem\",\"position\":1,\"name\":\"Home\",\"item\":\"https:\/\/www.camping-kersentic.com\/de\/\"},{\"@type\":\"ListItem\",\"position\":2,\"name\":\"Umgebung\"}]},{\"@type\":\"WebSite\",\"@id\":\"https:\/\/www.camping-kersentic.com\/#website\",\"url\":\"https:\/\/www.camping-kersentic.com\/\",\"name\":\"Camping de Kersentic\",\"description\":\"Camping Fouesnant dans le Finist\u00e8re sud, locations de mobil-home, g\u00eetes, Coco Sweet, locations insolites, emplacements, piscine couverte et plage\",\"publisher\":{\"@id\":\"https:\/\/www.camping-kersentic.com\/#organization\"},\"potentialAction\":[{\"@type\":\"SearchAction\",\"target\":{\"@type\":\"EntryPoint\",\"urlTemplate\":\"https:\/\/www.camping-kersentic.com\/?s={search_term_string}\"},\"query-input\":\"required name=search_term_string\"}],\"inLanguage\":\"de-DE\"},{\"@type\":\"Organization\",\"@id\":\"https:\/\/www.camping-kersentic.com\/#organization\",\"name\":\"Camping de Kersentic\",\"url\":\"https:\/\/www.camping-kersentic.com\/\",\"logo\":{\"@type\":\"ImageObject\",\"inLanguage\":\"de-DE\",\"@id\":\"https:\/\/www.camping-kersentic.com\/#\/schema\/logo\/image\/\",\"url\":\"https:\/\/www.camping-kersentic.com\/wp-content\/uploads\/2025\/05\/LOGO2025_C.webp\",\"contentUrl\":\"https:\/\/www.camping-kersentic.com\/wp-content\/uploads\/2025\/05\/LOGO2025_C.webp\",\"width\":764,\"height\":325,\"caption\":\"Camping de Kersentic\"},\"image\":{\"@id\":\"https:\/\/www.camping-kersentic.com\/#\/schema\/logo\/image\/\"},\"sameAs\":[\"https:\/\/www.instagram.com\/campingdekersentic\/?hl=fr\",\"https:\/\/www.facebook.com\/campingdekersenticfouesnant\/\"]}]}<\/script>\n<!-- \/ Yoast SEO plugin. -->","yoast_head_json":{"title":"Umgebung - Camping de Kersentic","robots":{"index":"index","follow":"follow","max-snippet":"max-snippet:-1","max-image-preview":"max-image-preview:large","max-video-preview":"max-video-preview:-1"},"canonical":"https:\/\/www.camping-kersentic.com\/de\/umgebung\/","og_locale":"de_DE","og_type":"article","og_title":"Umgebung - Camping de Kersentic","og_description":"Entdeckung der bretonischen Riviera Die bretonische Riviera ist ein Traumziel, an dem die Natur, das Meer, die wei\u00dfen Sandstr\u00e4nde und die Gastronomie zu einer unvergesslichen Reise einladen. Der 4*Campingplatz Kersentic in Fouesnant les Gl\u00e9nan ist der ideale Ort, um sich aufzuhalten und unser kleines bretonisches Paradies zu erkunden. Nur 600 m vom Strand von Cap-Coz [&hellip;]","og_url":"https:\/\/www.camping-kersentic.com\/de\/umgebung\/","og_site_name":"Camping de Kersentic","article_publisher":"https:\/\/www.facebook.com\/campingdekersenticfouesnant\/","article_modified_time":"2025-05-26T08:58:14+00:00","og_image":[{"width":2560,"height":1707,"url":"https:\/\/www.camping-kersentic.com\/wp-content\/uploads\/2022\/10\/mini_crtb-ad3020_DERENNES-Yannick-scaled.jpg","type":"image\/jpeg"}],"twitter_card":"summary_large_image","twitter_misc":{"Est. reading time":"4 Minuten"},"schema":{"@context":"https:\/\/schema.org","@graph":[{"@type":"WebPage","@id":"https:\/\/www.camping-kersentic.com\/de\/umgebung\/","url":"https:\/\/www.camping-kersentic.com\/de\/umgebung\/","name":"Umgebung - Camping de Kersentic","isPartOf":{"@id":"https:\/\/www.camping-kersentic.com\/#website"},"datePublished":"2022-11-15T11:36:31+00:00","dateModified":"2025-05-26T08:58:14+00:00","breadcrumb":{"@id":"https:\/\/www.camping-kersentic.com\/de\/umgebung\/#breadcrumb"},"inLanguage":"de-DE","potentialAction":[{"@type":"ReadAction","target":["https:\/\/www.camping-kersentic.com\/de\/umgebung\/"]}]},{"@type":"BreadcrumbList","@id":"https:\/\/www.camping-kersentic.com\/de\/umgebung\/#breadcrumb","itemListElement":[{"@type":"ListItem","position":1,"name":"Home","item":"https:\/\/www.camping-kersentic.com\/de\/"},{"@type":"ListItem","position":2,"name":"Umgebung"}]},{"@type":"WebSite","@id":"https:\/\/www.camping-kersentic.com\/#website","url":"https:\/\/www.camping-kersentic.com\/","name":"Camping de Kersentic","description":"Camping Fouesnant dans le Finist\u00e8re sud, locations de mobil-home, g\u00eetes, Coco Sweet, locations insolites, emplacements, piscine couverte et plage","publisher":{"@id":"https:\/\/www.camping-kersentic.com\/#organization"},"potentialAction":[{"@type":"SearchAction","target":{"@type":"EntryPoint","urlTemplate":"https:\/\/www.camping-kersentic.com\/?s={search_term_string}"},"query-input":"required name=search_term_string"}],"inLanguage":"de-DE"},{"@type":"Organization","@id":"https:\/\/www.camping-kersentic.com\/#organization","name":"Camping de Kersentic","url":"https:\/\/www.camping-kersentic.com\/","logo":{"@type":"ImageObject","inLanguage":"de-DE","@id":"https:\/\/www.camping-kersentic.com\/#\/schema\/logo\/image\/","url":"https:\/\/www.camping-kersentic.com\/wp-content\/uploads\/2025\/05\/LOGO2025_C.webp","contentUrl":"https:\/\/www.camping-kersentic.com\/wp-content\/uploads\/2025\/05\/LOGO2025_C.webp","width":764,"height":325,"caption":"Camping de Kersentic"},"image":{"@id":"https:\/\/www.camping-kersentic.com\/#\/schema\/logo\/image\/"},"sameAs":["https:\/\/www.instagram.com\/campingdekersentic\/?hl=fr","https:\/\/www.facebook.com\/campingdekersenticfouesnant\/"]}]}},"_links":{"self":[{"href":"https:\/\/www.camping-kersentic.com\/de\/wp-json\/wp\/v2\/pages\/3726"}],"collection":[{"href":"https:\/\/www.camping-kersentic.com\/de\/wp-json\/wp\/v2\/pages"}],"about":[{"href":"https:\/\/www.camping-kersentic.com\/de\/wp-json\/wp\/v2\/types\/page"}],"author":[{"embeddable":true,"href":"https:\/\/www.camping-kersentic.com\/de\/wp-json\/wp\/v2\/users\/1"}],"replies":[{"embeddable":true,"href":"https:\/\/www.camping-kersentic.com\/de\/wp-json\/wp\/v2\/comments?post=3726"}],"version-history":[{"count":4,"href":"https:\/\/www.camping-kersentic.com\/de\/wp-json\/wp\/v2\/pages\/3726\/revisions"}],"predecessor-version":[{"id":7523,"href":"https:\/\/www.camping-kersentic.com\/de\/wp-json\/wp\/v2\/pages\/3726\/revisions\/7523"}],"wp:featuredmedia":[{"embeddable":true,"href":"https:\/\/www.camping-kersentic.com\/de\/wp-json\/wp\/v2\/media\/2665"}],"wp:attachment":[{"href":"https:\/\/www.camping-kersentic.com\/de\/wp-json\/wp\/v2\/media?parent=3726"}],"curies":[{"name":"wp","href":"https:\/\/api.w.org\/{rel}","templated":true}]}}