{"id":3724,"date":"2022-11-15T12:35:23","date_gmt":"2022-11-15T11:35:23","guid":{"rendered":"https:\/\/www.camping-kersentic.com\/surroundings\/"},"modified":"2025-05-26T10:58:13","modified_gmt":"2025-05-26T08:58:13","slug":"surroundings","status":"publish","type":"page","link":"https:\/\/www.camping-kersentic.com\/en\/surroundings\/","title":{"rendered":"Surroundings"},"content":{"rendered":"\n<figure class=\"wp-block-image alignfull size-large\"><img loading=\"lazy\" width=\"1024\" height=\"683\" src=\"https:\/\/www.camping-kersentic.com\/wp-content\/uploads\/2022\/10\/crtb-ac6296_JOB-Nicolas-1024x683.jpg\" alt=\"\" class=\"wp-image-2660\" srcset=\"https:\/\/www.camping-kersentic.com\/wp-content\/uploads\/2022\/10\/crtb-ac6296_JOB-Nicolas-1024x683.jpg 1024w, https:\/\/www.camping-kersentic.com\/wp-content\/uploads\/2022\/10\/crtb-ac6296_JOB-Nicolas-300x200.jpg 300w, https:\/\/www.camping-kersentic.com\/wp-content\/uploads\/2022\/10\/crtb-ac6296_JOB-Nicolas-768x513.jpg 768w, https:\/\/www.camping-kersentic.com\/wp-content\/uploads\/2022\/10\/crtb-ac6296_JOB-Nicolas-1536x1025.jpg 1536w, https:\/\/www.camping-kersentic.com\/wp-content\/uploads\/2022\/10\/crtb-ac6296_JOB-Nicolas-2048x1367.jpg 2048w\" sizes=\"(max-width: 1024px) 100vw, 1024px\" \/><figcaption>Point of Cap-Coz<\/figcaption><\/figure>\n\n\n\n<section class=\"wp-container-69f3467a37d2f wp-block-group alignfull deco--vague K-10-a has-bleu-clair-background-color has-background\"><div class=\"wp-block-group__inner-container\">\n<div class=\"wp-block-columns\">\n<div class=\"wp-block-column\">\n<h1 id=\"decouverte-de-la-riviera-bretonne\"><strong>Discovery of the Breton Riviera<\/strong><\/h1>\n\n\n\n<div class=\"wp-block-columns\">\n<div class=\"wp-block-column\">\n<figure class=\"wp-block-image alignfull size-large\"><img loading=\"lazy\" width=\"1024\" height=\"833\" src=\"https:\/\/www.camping-kersentic.com\/wp-content\/uploads\/2022\/08\/IMG_6227-scaled-e1665130073884-1024x833.jpg\" alt=\"\" class=\"wp-image-2768\" srcset=\"https:\/\/www.camping-kersentic.com\/wp-content\/uploads\/2022\/08\/IMG_6227-scaled-e1665130073884-1024x833.jpg 1024w, https:\/\/www.camping-kersentic.com\/wp-content\/uploads\/2022\/08\/IMG_6227-scaled-e1665130073884-300x244.jpg 300w, https:\/\/www.camping-kersentic.com\/wp-content\/uploads\/2022\/08\/IMG_6227-scaled-e1665130073884-768x624.jpg 768w, https:\/\/www.camping-kersentic.com\/wp-content\/uploads\/2022\/08\/IMG_6227-scaled-e1665130073884-1536x1249.jpg 1536w, https:\/\/www.camping-kersentic.com\/wp-content\/uploads\/2022\/08\/IMG_6227-scaled-e1665130073884.jpg 1920w\" sizes=\"(max-width: 1024px) 100vw, 1024px\" \/><\/figure>\n<\/div>\n\n\n\n<div class=\"wp-block-column\">\n<p>The Breton Riviera, a dream destination where nature, the sea, the white sandy beaches, the gastronomy, invites you to an unforgettable journey. The 4* Camping Kersentic, located in <strong>Fouesnant<\/strong> les Gl\u00e9nan is the ideal place to stay and discover our little Breton paradise. Only 600 m from the beach of <strong>Cap-Coz<\/strong> and about 1.5km from the city center, you can enjoy on foot or by bike an exceptional environment where nature and the sea are mixed.  <\/p>\n\n\n\n<div class=\"wp-block-group lire-plus-mobile\"><div class=\"wp-block-group__inner-container\">\n<p>Read more<\/p>\n\n\n\n<div class=\"wp-container-69f3467a37990 wp-block-group\"><div class=\"wp-block-group__inner-container\">\n<p>A real breath of <strong>Breton<\/strong> air is yours by discovering our creeks on the GR\u00ae34: <strong>Bot Conan, Kermil, la Roche Perc\u00e9e<\/strong> or by exploring our Breton Caribbean as far as <strong>the Gl\u00e9nan archipelago<\/strong>.<\/p>\n\n\n\n<p>If you like walking or cycling, many walks and hiking trails, GR\u00ae34, are waiting for you near our <strong>campsite<\/strong>.<\/p>\n<\/div><\/div>\n<\/div><\/div>\n<\/div>\n<\/div>\n<\/div>\n\n\n\n<div class=\"wp-block-column\">\n<figure class=\"wp-block-image alignfull size-large\"><img loading=\"lazy\" width=\"1024\" height=\"681\" src=\"https:\/\/www.camping-kersentic.com\/wp-content\/uploads\/2022\/10\/crtb-ac3332_BERTHIER-Emmanuel-min-1024x681.jpg\" alt=\"\" class=\"wp-image-3202\" srcset=\"https:\/\/www.camping-kersentic.com\/wp-content\/uploads\/2022\/10\/crtb-ac3332_BERTHIER-Emmanuel-min-1024x681.jpg 1024w, https:\/\/www.camping-kersentic.com\/wp-content\/uploads\/2022\/10\/crtb-ac3332_BERTHIER-Emmanuel-min-300x200.jpg 300w, https:\/\/www.camping-kersentic.com\/wp-content\/uploads\/2022\/10\/crtb-ac3332_BERTHIER-Emmanuel-min-768x511.jpg 768w, https:\/\/www.camping-kersentic.com\/wp-content\/uploads\/2022\/10\/crtb-ac3332_BERTHIER-Emmanuel-min-1536x1022.jpg 1536w, https:\/\/www.camping-kersentic.com\/wp-content\/uploads\/2022\/10\/crtb-ac3332_BERTHIER-Emmanuel-min-2048x1363.jpg 2048w\" sizes=\"(max-width: 1024px) 100vw, 1024px\" \/><\/figure>\n<\/div>\n<\/div>\n<\/div><\/section>\n\n\n\n<div class=\"wp-block-cover alignfull is-light K-05-a margin-bot--min\"><span aria-hidden=\"true\" class=\"has-background-dim-0 wp-block-cover__gradient-background has-background-dim\"><\/span><img loading=\"lazy\" width=\"2560\" height=\"1655\" class=\"wp-block-cover__image-background wp-image-2719\" alt=\"\" src=\"https:\/\/www.camping-kersentic.com\/wp-content\/uploads\/2022\/10\/mini_crtb-ae00342_PORIEL-Thibault-scaled.jpg\" data-object-fit=\"cover\" srcset=\"https:\/\/www.camping-kersentic.com\/wp-content\/uploads\/2022\/10\/mini_crtb-ae00342_PORIEL-Thibault-scaled.jpg 2560w, https:\/\/www.camping-kersentic.com\/wp-content\/uploads\/2022\/10\/mini_crtb-ae00342_PORIEL-Thibault-300x194.jpg 300w, https:\/\/www.camping-kersentic.com\/wp-content\/uploads\/2022\/10\/mini_crtb-ae00342_PORIEL-Thibault-1024x662.jpg 1024w, https:\/\/www.camping-kersentic.com\/wp-content\/uploads\/2022\/10\/mini_crtb-ae00342_PORIEL-Thibault-768x496.jpg 768w, https:\/\/www.camping-kersentic.com\/wp-content\/uploads\/2022\/10\/mini_crtb-ae00342_PORIEL-Thibault-1536x993.jpg 1536w, https:\/\/www.camping-kersentic.com\/wp-content\/uploads\/2022\/10\/mini_crtb-ae00342_PORIEL-Thibault-2048x1324.jpg 2048w\" sizes=\"(max-width: 2560px) 100vw, 2560px\" \/><div class=\"wp-block-cover__inner-container\">\n<div class=\"wp-block-columns has-jaune-clair-background-color has-background\">\n<div class=\"wp-block-column\" style=\"flex-basis:48%\">\n<h2 id=\"focus-sur-la-bretagne\">South Finistere and its treasures  <\/h2>\n\n\n\n<p class=\"h3 has-bleu-color has-text-color\">Discover, enjoy, marvel&#8230;.<\/p>\n\n\n\n<p>An authentic destination, South Finist\u00e8re will charm you with its long sandy beaches, its creeks, its small fishing ports and its flowery villages. Destination dreamed for the sportsmen with its 250km of paths of excursion, its many cycle tracks, its spots of surfing, kitesurf, paddle, catamaran&#8230; But especially a true gastronomy where the flavours ground-sea are combined with the daily newspaper. A true concentrate of Breton paradise.<\/p>\n\n\n\n<div class=\"wp-block-group lire-plus-pc\"><div class=\"wp-block-group__inner-container\">\n<p>Read more<\/p>\n\n\n\n<div class=\"wp-container-69f3467a38144 wp-block-group\"><div class=\"wp-block-group__inner-container\">\n<p><strong>The Gl\u00e9nan Islands<\/strong>: this heavenly island will not leave you indifferent. It will seduce you with its white sandy beaches and its translucent and turquoise waters. In spring, you will meet the narcissus of Gl\u00e9nan, an endemic species of the island.<\/p>\n\n\n\n<p><strong>Concarneau : <\/strong> the seaside resort of Concarneau, the 3rd largest city in Finist\u00e8re, is distinguished by its magnificent beaches and coastal paths. The city is surrounded by stone walls that date back to a certain period and house beautiful half-timbered houses with flowers. This city of the 15th and 16th century offers you a unique view of the marina, the fishing port and the bay of Concarneau.<\/p>\n\n\n\n<p><strong>B\u00e9nodet : <\/strong> it is an ideal destination during the summer periods with its leisure activities and its maritime heritage. The seaside resort, which is located between the sea and the river, invites you to discover its richness. You will always have something to do with its two beaches, its ports and its walks along the coastline.<\/p>\n\n\n\n<p><strong>Locronan<\/strong>: known as the small city of character, it is one of the most popular and prestigious sites in Brittany. It is both a source of inspiration for artists and a leading destination for cycling and hiking. This tourist place is only 5 km from the sea and nestled on a mountain.<\/p>\n<\/div><\/div>\n<\/div><\/div>\n<\/div>\n\n\n\n<div class=\"wp-block-column bot galerie_2\">\n<figure class=\"wp-block-gallery has-nested-images columns-default is-cropped\">\n<figure class=\"wp-block-image size-large\"><img loading=\"lazy\" width=\"1024\" height=\"939\" src=\"https:\/\/www.camping-kersentic.com\/wp-content\/uploads\/2022\/10\/crtb-ae04984_SALDON-Joana-scaled-e1665130196761-1024x939.jpeg\" alt=\"\" class=\"wp-image-2735\" srcset=\"https:\/\/www.camping-kersentic.com\/wp-content\/uploads\/2022\/10\/crtb-ae04984_SALDON-Joana-scaled-e1665130196761-1024x939.jpeg 1024w, https:\/\/www.camping-kersentic.com\/wp-content\/uploads\/2022\/10\/crtb-ae04984_SALDON-Joana-scaled-e1665130196761-300x275.jpeg 300w, https:\/\/www.camping-kersentic.com\/wp-content\/uploads\/2022\/10\/crtb-ae04984_SALDON-Joana-scaled-e1665130196761-768x704.jpeg 768w, https:\/\/www.camping-kersentic.com\/wp-content\/uploads\/2022\/10\/crtb-ae04984_SALDON-Joana-scaled-e1665130196761-1536x1408.jpeg 1536w, https:\/\/www.camping-kersentic.com\/wp-content\/uploads\/2022\/10\/crtb-ae04984_SALDON-Joana-scaled-e1665130196761.jpeg 1920w\" sizes=\"(max-width: 1024px) 100vw, 1024px\" \/><\/figure>\n\n\n\n<figure class=\"wp-block-image size-large\"><img loading=\"lazy\" width=\"1024\" height=\"683\" src=\"https:\/\/www.camping-kersentic.com\/wp-content\/uploads\/2022\/10\/crtb-ad2077_DERENNES-Yannick-1024x683.jpg\" alt=\"\" class=\"wp-image-3238\" srcset=\"https:\/\/www.camping-kersentic.com\/wp-content\/uploads\/2022\/10\/crtb-ad2077_DERENNES-Yannick-1024x683.jpg 1024w, https:\/\/www.camping-kersentic.com\/wp-content\/uploads\/2022\/10\/crtb-ad2077_DERENNES-Yannick-300x200.jpg 300w, https:\/\/www.camping-kersentic.com\/wp-content\/uploads\/2022\/10\/crtb-ad2077_DERENNES-Yannick-768x512.jpg 768w, https:\/\/www.camping-kersentic.com\/wp-content\/uploads\/2022\/10\/crtb-ad2077_DERENNES-Yannick-1536x1024.jpg 1536w, https:\/\/www.camping-kersentic.com\/wp-content\/uploads\/2022\/10\/crtb-ad2077_DERENNES-Yannick-2048x1365.jpg 2048w\" sizes=\"(max-width: 1024px) 100vw, 1024px\" \/><\/figure>\n<\/figure>\n\n\n\n<div class=\"wp-container-69f3467a384df wp-block-buttons\">\n<div class=\"wp-block-button btn_galerie\"><a class=\"wp-block-button__link\" href=\"https:\/\/www.camping-kersentic.com\/en\/galerie-photos\/\"><i class=\"far fa-images\"><\/i>  Photo gallery<\/a><\/div>\n<\/div>\n<\/div>\n<\/div>\n<\/div><\/div>\n\n\n\n<section class=\"wp-container-69f3467a38c60 wp-block-group  deco--illu4\"><div class=\"wp-block-group__inner-container\">\n<div class=\"wp-block-columns reverse-mob\">\n<div class=\"wp-block-column galerie_3\">\n<figure class=\"wp-block-gallery has-nested-images columns-2 is-cropped\">\n<figure class=\"wp-block-image size-large\"><img loading=\"lazy\" width=\"1024\" height=\"768\" src=\"https:\/\/www.camping-kersentic.com\/wp-content\/uploads\/2022\/10\/Iles-Glenan-Fouesnant-Camping-Kersentic-min-1024x768.jpg\" alt=\"\" class=\"wp-image-3413\" srcset=\"https:\/\/www.camping-kersentic.com\/wp-content\/uploads\/2022\/10\/Iles-Glenan-Fouesnant-Camping-Kersentic-min-1024x768.jpg 1024w, https:\/\/www.camping-kersentic.com\/wp-content\/uploads\/2022\/10\/Iles-Glenan-Fouesnant-Camping-Kersentic-min-300x225.jpg 300w, https:\/\/www.camping-kersentic.com\/wp-content\/uploads\/2022\/10\/Iles-Glenan-Fouesnant-Camping-Kersentic-min-768x576.jpg 768w, https:\/\/www.camping-kersentic.com\/wp-content\/uploads\/2022\/10\/Iles-Glenan-Fouesnant-Camping-Kersentic-min-1536x1152.jpg 1536w, https:\/\/www.camping-kersentic.com\/wp-content\/uploads\/2022\/10\/Iles-Glenan-Fouesnant-Camping-Kersentic-min-2048x1536.jpg 2048w\" sizes=\"(max-width: 1024px) 100vw, 1024px\" \/><\/figure>\n\n\n\n<figure class=\"wp-block-image size-large\"><img loading=\"lazy\" width=\"1024\" height=\"675\" src=\"https:\/\/www.camping-kersentic.com\/wp-content\/uploads\/2022\/10\/crtb-aa7924-1024x675.jpg\" alt=\"\" class=\"wp-image-2758\" srcset=\"https:\/\/www.camping-kersentic.com\/wp-content\/uploads\/2022\/10\/crtb-aa7924-1024x675.jpg 1024w, https:\/\/www.camping-kersentic.com\/wp-content\/uploads\/2022\/10\/crtb-aa7924-300x198.jpg 300w, https:\/\/www.camping-kersentic.com\/wp-content\/uploads\/2022\/10\/crtb-aa7924-768x506.jpg 768w, https:\/\/www.camping-kersentic.com\/wp-content\/uploads\/2022\/10\/crtb-aa7924-1536x1013.jpg 1536w, https:\/\/www.camping-kersentic.com\/wp-content\/uploads\/2022\/10\/crtb-aa7924.jpg 1800w\" sizes=\"(max-width: 1024px) 100vw, 1024px\" \/><\/figure>\n\n\n\n<figure class=\"wp-block-image size-full\"><img loading=\"lazy\" width=\"1920\" height=\"1100\" src=\"https:\/\/www.camping-kersentic.com\/wp-content\/uploads\/2022\/08\/benodet.jpg\" alt=\"\" class=\"wp-image-901\" srcset=\"https:\/\/www.camping-kersentic.com\/wp-content\/uploads\/2022\/08\/benodet.jpg 1920w, https:\/\/www.camping-kersentic.com\/wp-content\/uploads\/2022\/08\/benodet-300x172.jpg 300w, https:\/\/www.camping-kersentic.com\/wp-content\/uploads\/2022\/08\/benodet-1024x587.jpg 1024w, https:\/\/www.camping-kersentic.com\/wp-content\/uploads\/2022\/08\/benodet-768x440.jpg 768w, https:\/\/www.camping-kersentic.com\/wp-content\/uploads\/2022\/08\/benodet-1536x880.jpg 1536w\" sizes=\"(max-width: 1920px) 100vw, 1920px\" \/><\/figure>\n<\/figure>\n<\/div>\n\n\n\n<div class=\"wp-block-column\" style=\"flex-basis:48%\">\n<h2 id=\"focus-sur-la-bretagne\">Things to do and see <strong>in Fouesnant<\/strong><\/h2>\n\n\n\n<p>To occupy your stay in <strong>Brittany, in Fouesnant<\/strong>, know that many ideas of visits are possible. The region receives many skippers who have their boats moored in the marina of Port la For\u00eat. The <strong>nautical center<\/strong> of this land of sailors will provide you with a quality education renowned throughout the world. You will have the opportunity to sail <strong>from Cap-Coz to the tip of Mousterlin<\/strong>. You will contemplate the beautiful beaches lined with fragrant pine forest and a turquoise sea.<\/p>\n\n\n\n<div class=\"wp-block-group lire-plus-mobile\"><div class=\"wp-block-group__inner-container\">\n<p>Read more<\/p>\n\n\n\n<div class=\"wp-container-69f3467a38960 wp-block-group\"><div class=\"wp-block-group__inner-container\">\n<p>At Cap-Coz, you can wander <strong>between the different creeks until you reach the Pierced Rock<\/strong>. If you start from the point of <strong>Mousterlin <\/strong>to go to <strong>B\u00e9nodet<\/strong>, you will end up in the heavenly landscape of the white sea. This sea is characterized by its transparent water enclosed in beautiful sandbanks. As you pass through the Bay of the Forest, you can stop at <strong>Beg Meil<\/strong>. Its panorama alternates magnificent beaches and rocky coves. Beautiful period villas are also located there!<\/p>\n<\/div><\/div>\n<\/div><\/div>\n<\/div>\n<\/div>\n<\/div><\/section>\n\n\n\r\n<section id=\"fc-alentours\" class=\"wp-block-columns\">\r\n\r\n  <div id=\"listing-alentours\" class=\"wp-block-column\">\r\n    \r\n    <div class=\"filtres\">\r\n      <div>\r\n        <input id=\"all\" name=\"filter\" type=\"radio\" class=\"all-input\" checked=\"checked\" \/>\r\n        <label for=\"all\" class=\"all-label\">All locations<\/label>\r\n      <\/div>\r\n      <div><input id=\"plage-en\" name=\"filter\" type=\"radio\" \/><label for=\"plage-en\">Beach<\/label><\/div><div><input id=\"ville-villages-en\" name=\"filter\" type=\"radio\" \/><label for=\"ville-villages-en\">City \/ Villages<\/label><\/div>      <input type='hidden' id='current_page'\/>\r\n      <input type='hidden' id='show_per_page'\/>\r\n    <\/div>\r\n\r\n    <div id=\"listing\">\r\n              <article class=\"lieu-alentour currentCat visuel\" data-cat=\"camping-en\" data-slug=\"kersentic-campsite\" data-icone=\"campground\" data-couleur=\"#748697\" data-latitude=\"47.8862439\" data-longitude=\"-3.9959628\">\r\n          <div class=\"texte-lieu\">\r\n            <p class=\"categorie-lieu\">\r\n              <i class=\"campground ac\"><\/i>camping            <\/p>\r\n            <p class=\"titre-lieu\">Camping de Kersentic<\/p>\r\n          <\/div>\r\n          <img width=\"300\" height=\"157\" src=\"https:\/\/www.camping-kersentic.com\/wp-content\/uploads\/2022\/08\/kersentic_accueil-camping-fouesnant-300x157.jpg\" class=\"attachment-medium size-medium\" alt=\"\" loading=\"lazy\" srcset=\"https:\/\/www.camping-kersentic.com\/wp-content\/uploads\/2022\/08\/kersentic_accueil-camping-fouesnant-300x157.jpg 300w, https:\/\/www.camping-kersentic.com\/wp-content\/uploads\/2022\/08\/kersentic_accueil-camping-fouesnant-1024x536.jpg 1024w, https:\/\/www.camping-kersentic.com\/wp-content\/uploads\/2022\/08\/kersentic_accueil-camping-fouesnant-768x402.jpg 768w, https:\/\/www.camping-kersentic.com\/wp-content\/uploads\/2022\/08\/kersentic_accueil-camping-fouesnant-1536x805.jpg 1536w, https:\/\/www.camping-kersentic.com\/wp-content\/uploads\/2022\/08\/kersentic_accueil-camping-fouesnant.jpg 1920w\" sizes=\"(max-width: 300px) 100vw, 300px\" \/>        <\/article>\r\n              <a href=\"https:\/\/www.camping-kersentic.com\/en\/alentours\/the-glenan\/\" class=\"lieu-alentour currentCat visuel\" data-cat=\"plage-en\" data-slug=\"the-glenan\" data-icone=\"\" data-couleur=\"\" data-latitude=\"47.7153304\" data-longitude=\"-3.9866082\">\r\n          <div class=\"texte-lieu\">\r\n            <p class=\"categorie-lieu\">\r\n              <i class=\"fas fa-map-marker-alt sa\"><\/i>Beach            <\/p>\r\n            <p class=\"titre-lieu\">Les Gl\u00e9nan<\/p>\r\n          <\/div>\r\n          <img width=\"300\" height=\"199\" src=\"https:\/\/www.camping-kersentic.com\/wp-content\/uploads\/2022\/10\/mini_crtb-ac4972_BERTHIER-Emmanuel-1-300x199.jpg\" class=\"attachment-medium size-medium\" alt=\"\" loading=\"lazy\" srcset=\"https:\/\/www.camping-kersentic.com\/wp-content\/uploads\/2022\/10\/mini_crtb-ac4972_BERTHIER-Emmanuel-1-300x199.jpg 300w, https:\/\/www.camping-kersentic.com\/wp-content\/uploads\/2022\/10\/mini_crtb-ac4972_BERTHIER-Emmanuel-1-1024x681.jpg 1024w, https:\/\/www.camping-kersentic.com\/wp-content\/uploads\/2022\/10\/mini_crtb-ac4972_BERTHIER-Emmanuel-1-768x511.jpg 768w, https:\/\/www.camping-kersentic.com\/wp-content\/uploads\/2022\/10\/mini_crtb-ac4972_BERTHIER-Emmanuel-1-1536x1021.jpg 1536w, https:\/\/www.camping-kersentic.com\/wp-content\/uploads\/2022\/10\/mini_crtb-ac4972_BERTHIER-Emmanuel-1-2048x1362.jpg 2048w\" sizes=\"(max-width: 300px) 100vw, 300px\" \/>        <\/a>\r\n              <a href=\"https:\/\/www.camping-kersentic.com\/en\/alentours\/concarneau-2\/\" class=\"lieu-alentour currentCat visuel\" data-cat=\"ville-villages-en\" data-slug=\"concarneau-2\" data-icone=\"\" data-couleur=\"\" data-latitude=\"47.872834\" data-longitude=\"-3.920734\">\r\n          <div class=\"texte-lieu\">\r\n            <p class=\"categorie-lieu\">\r\n              <i class=\"fas fa-map-marker-alt sa\"><\/i>City \/ Villages            <\/p>\r\n            <p class=\"titre-lieu\">Concarneau<\/p>\r\n          <\/div>\r\n          <img width=\"300\" height=\"200\" src=\"https:\/\/www.camping-kersentic.com\/wp-content\/uploads\/2022\/08\/concarneau-300x200.jpg\" class=\"attachment-medium size-medium\" alt=\"\" loading=\"lazy\" srcset=\"https:\/\/www.camping-kersentic.com\/wp-content\/uploads\/2022\/08\/concarneau-300x200.jpg 300w, https:\/\/www.camping-kersentic.com\/wp-content\/uploads\/2022\/08\/concarneau-1024x682.jpg 1024w, https:\/\/www.camping-kersentic.com\/wp-content\/uploads\/2022\/08\/concarneau-768x511.jpg 768w, https:\/\/www.camping-kersentic.com\/wp-content\/uploads\/2022\/08\/concarneau.jpg 1200w\" sizes=\"(max-width: 300px) 100vw, 300px\" \/>        <\/a>\r\n              <a href=\"https:\/\/www.camping-kersentic.com\/en\/alentours\/benodet-2\/\" class=\"lieu-alentour currentCat visuel\" data-cat=\"ville-villages-en\" data-slug=\"benodet-2\" data-icone=\"\" data-couleur=\"\" data-latitude=\"47.875568\" data-longitude=\"-4.1063729\">\r\n          <div class=\"texte-lieu\">\r\n            <p class=\"categorie-lieu\">\r\n              <i class=\"fas fa-map-marker-alt sa\"><\/i>City \/ Villages            <\/p>\r\n            <p class=\"titre-lieu\">B\u00e9nodet<\/p>\r\n          <\/div>\r\n          <img width=\"225\" height=\"300\" src=\"https:\/\/www.camping-kersentic.com\/wp-content\/uploads\/2022\/08\/IMG_6227-225x300.jpg\" class=\"attachment-medium size-medium\" alt=\"\" loading=\"lazy\" srcset=\"https:\/\/www.camping-kersentic.com\/wp-content\/uploads\/2022\/08\/IMG_6227-225x300.jpg 225w, https:\/\/www.camping-kersentic.com\/wp-content\/uploads\/2022\/08\/IMG_6227-768x1024.jpg 768w, https:\/\/www.camping-kersentic.com\/wp-content\/uploads\/2022\/08\/IMG_6227-1152x1536.jpg 1152w, https:\/\/www.camping-kersentic.com\/wp-content\/uploads\/2022\/08\/IMG_6227-1536x2048.jpg 1536w, https:\/\/www.camping-kersentic.com\/wp-content\/uploads\/2022\/08\/IMG_6227-scaled.jpg 1920w\" sizes=\"(max-width: 225px) 100vw, 225px\" \/>        <\/a>\r\n              <a href=\"https:\/\/www.camping-kersentic.com\/en\/alentours\/quimper-2\/\" class=\"lieu-alentour currentCat visuel\" data-cat=\"ville-villages-en\" data-slug=\"quimper-2\" data-icone=\"\" data-couleur=\"\" data-latitude=\"47.997542\" data-longitude=\"-4.097899\">\r\n          <div class=\"texte-lieu\">\r\n            <p class=\"categorie-lieu\">\r\n              <i class=\"fas fa-map-marker-alt sa\"><\/i>City \/ Villages            <\/p>\r\n            <p class=\"titre-lieu\">Quimper<\/p>\r\n          <\/div>\r\n          <img width=\"300\" height=\"200\" src=\"https:\/\/www.camping-kersentic.com\/wp-content\/uploads\/2022\/08\/quimper-300x200.jpg\" class=\"attachment-medium size-medium\" alt=\"\" loading=\"lazy\" srcset=\"https:\/\/www.camping-kersentic.com\/wp-content\/uploads\/2022\/08\/quimper-300x200.jpg 300w, https:\/\/www.camping-kersentic.com\/wp-content\/uploads\/2022\/08\/quimper-1024x683.jpg 1024w, https:\/\/www.camping-kersentic.com\/wp-content\/uploads\/2022\/08\/quimper-768x512.jpg 768w, https:\/\/www.camping-kersentic.com\/wp-content\/uploads\/2022\/08\/quimper.jpg 1200w\" sizes=\"(max-width: 300px) 100vw, 300px\" \/>        <\/a>\r\n              <a href=\"https:\/\/www.camping-kersentic.com\/en\/alentours\/locronan-2\/\" class=\"lieu-alentour currentCat visuel\" data-cat=\"ville-villages-en\" data-slug=\"locronan-2\" data-icone=\"\" data-couleur=\"\" data-latitude=\"48.098711\" data-longitude=\"-4.207479\">\r\n          <div class=\"texte-lieu\">\r\n            <p class=\"categorie-lieu\">\r\n              <i class=\"fas fa-map-marker-alt sa\"><\/i>City \/ Villages            <\/p>\r\n            <p class=\"titre-lieu\">Locronan<\/p>\r\n          <\/div>\r\n          <img width=\"300\" height=\"200\" src=\"https:\/\/www.camping-kersentic.com\/wp-content\/uploads\/2022\/08\/village-g77c1668b7_640-300x200.jpg\" class=\"attachment-medium size-medium\" alt=\"\" loading=\"lazy\" srcset=\"https:\/\/www.camping-kersentic.com\/wp-content\/uploads\/2022\/08\/village-g77c1668b7_640-300x200.jpg 300w, https:\/\/www.camping-kersentic.com\/wp-content\/uploads\/2022\/08\/village-g77c1668b7_640.jpg 640w\" sizes=\"(max-width: 300px) 100vw, 300px\" \/>        <\/a>\r\n              <a href=\"https:\/\/www.camping-kersentic.com\/en\/alentours\/beach-of-cap-coz\/\" class=\"lieu-alentour currentCat visuel\" data-cat=\"plage-en\" data-slug=\"beach-of-cap-coz\" data-icone=\"\" data-couleur=\"\" data-latitude=\"47.888008407909\" data-longitude=\"-3.9811946236645\">\r\n          <div class=\"texte-lieu\">\r\n            <p class=\"categorie-lieu\">\r\n              <i class=\"fas fa-map-marker-alt sa\"><\/i>Beach            <\/p>\r\n            <p class=\"titre-lieu\">Plage du Cap Coz<\/p>\r\n          <\/div>\r\n          <img width=\"300\" height=\"135\" src=\"https:\/\/www.camping-kersentic.com\/wp-content\/uploads\/2022\/10\/IMG_20220414_135516-300x135.jpg\" class=\"attachment-medium size-medium\" alt=\"\" loading=\"lazy\" srcset=\"https:\/\/www.camping-kersentic.com\/wp-content\/uploads\/2022\/10\/IMG_20220414_135516-300x135.jpg 300w, https:\/\/www.camping-kersentic.com\/wp-content\/uploads\/2022\/10\/IMG_20220414_135516-1024x461.jpg 1024w, https:\/\/www.camping-kersentic.com\/wp-content\/uploads\/2022\/10\/IMG_20220414_135516-768x346.jpg 768w, https:\/\/www.camping-kersentic.com\/wp-content\/uploads\/2022\/10\/IMG_20220414_135516-1536x691.jpg 1536w, https:\/\/www.camping-kersentic.com\/wp-content\/uploads\/2022\/10\/IMG_20220414_135516-2048x922.jpg 2048w\" sizes=\"(max-width: 300px) 100vw, 300px\" \/>        <\/a>\r\n              <a href=\"https:\/\/www.camping-kersentic.com\/en\/alentours\/beg-meil-coves\/\" class=\"lieu-alentour currentCat visuel\" data-cat=\"plage-en\" data-slug=\"beg-meil-coves\" data-icone=\"\" data-couleur=\"\" data-latitude=\"47.857061\" data-longitude=\"-3.982299\">\r\n          <div class=\"texte-lieu\">\r\n            <p class=\"categorie-lieu\">\r\n              <i class=\"fas fa-map-marker-alt sa\"><\/i>Beach            <\/p>\r\n            <p class=\"titre-lieu\">Criques de Beg Meil<\/p>\r\n          <\/div>\r\n          <img width=\"300\" height=\"200\" src=\"https:\/\/www.camping-kersentic.com\/wp-content\/uploads\/2022\/08\/crtb-ad7794_L_oeil-de-Paco-min-300x200.jpg\" class=\"attachment-medium size-medium\" alt=\"\" loading=\"lazy\" srcset=\"https:\/\/www.camping-kersentic.com\/wp-content\/uploads\/2022\/08\/crtb-ad7794_L_oeil-de-Paco-min-300x200.jpg 300w, https:\/\/www.camping-kersentic.com\/wp-content\/uploads\/2022\/08\/crtb-ad7794_L_oeil-de-Paco-min-1024x683.jpg 1024w, https:\/\/www.camping-kersentic.com\/wp-content\/uploads\/2022\/08\/crtb-ad7794_L_oeil-de-Paco-min-768x512.jpg 768w, https:\/\/www.camping-kersentic.com\/wp-content\/uploads\/2022\/08\/crtb-ad7794_L_oeil-de-Paco-min-1536x1024.jpg 1536w, https:\/\/www.camping-kersentic.com\/wp-content\/uploads\/2022\/08\/crtb-ad7794_L_oeil-de-Paco-min-2048x1365.jpg 2048w\" sizes=\"(max-width: 300px) 100vw, 300px\" \/>        <\/a>\r\n              <a href=\"https:\/\/www.camping-kersentic.com\/en\/alentours\/beg-meil-to-mousterlin-beaches\/\" class=\"lieu-alentour currentCat visuel\" data-cat=\"plage-en\" data-slug=\"beg-meil-to-mousterlin-beaches\" data-icone=\"\" data-couleur=\"\" data-latitude=\"47.84669\" data-longitude=\"-4.04116\">\r\n          <div class=\"texte-lieu\">\r\n            <p class=\"categorie-lieu\">\r\n              <i class=\"fas fa-map-marker-alt sa\"><\/i>Beach            <\/p>\r\n            <p class=\"titre-lieu\">Plages de Beg Meil \u00e0 Mousterlin<\/p>\r\n          <\/div>\r\n          <img width=\"225\" height=\"300\" src=\"https:\/\/www.camping-kersentic.com\/wp-content\/uploads\/2022\/08\/IMG_8050-225x300.jpg\" class=\"attachment-medium size-medium\" alt=\"\" loading=\"lazy\" srcset=\"https:\/\/www.camping-kersentic.com\/wp-content\/uploads\/2022\/08\/IMG_8050-225x300.jpg 225w, https:\/\/www.camping-kersentic.com\/wp-content\/uploads\/2022\/08\/IMG_8050-768x1024.jpg 768w, https:\/\/www.camping-kersentic.com\/wp-content\/uploads\/2022\/08\/IMG_8050-1152x1536.jpg 1152w, https:\/\/www.camping-kersentic.com\/wp-content\/uploads\/2022\/08\/IMG_8050-1536x2048.jpg 1536w, https:\/\/www.camping-kersentic.com\/wp-content\/uploads\/2022\/08\/IMG_8050-scaled.jpg 1920w\" sizes=\"(max-width: 225px) 100vw, 225px\" \/>        <\/a>\r\n          <\/div>\r\n    <div id='page_navigation'><\/div>\r\n  <\/div>\r\n\r\n  <div id=\"map-alentours\" class=\"wp-block-column\">\r\n    <div id=\"map\"><\/div>\r\n  <\/div>\r\n\r\n<\/section>\r\n\r\n\n\n\n<section class=\"wp-container-69f3467a3f6d6 wp-block-group alignfull deco--vague has-bleu-clair-background-color has-background\"><div class=\"wp-block-group__inner-container\">\n<div class=\"wp-block-columns\">\n<div class=\"wp-block-column\" style=\"flex-basis:48%\">\n<h2 id=\"focus-sur-la-bretagne\"><strong>Vedettes <\/strong>de l&#8217;odet<\/h2>\n\n\n\n<p>We work in partnership with the <strong>Vedettes de l&#8217;Odet<\/strong> to organize an excursion to the <strong>Gl\u00e9nan Islands<\/strong> or a trip on the Odet river.<\/p>\n\n\n\n<p>From April to September, you can pick up your tickets directly at our reception. No need to go to their agency.<\/p>\n\n\n\n<div class=\"wp-block-group encart-information\"><div class=\"wp-block-group__inner-container\">\n<p>Boat schedules can be found at: <a rel=\"noreferrer noopener\" href=\"http:\/\/www.vedettes-odet.com\/\" target=\"_blank\">www.vedettes-odet.com<\/a><\/p>\n<\/div><\/div>\n<\/div>\n\n\n\n<div class=\"wp-block-column\">\n<figure class=\"wp-block-image alignfull size-large\"><img loading=\"lazy\" width=\"1024\" height=\"535\" src=\"https:\/\/www.camping-kersentic.com\/wp-content\/uploads\/2022\/09\/image-1-1024x535.jpg\" alt=\"\" class=\"wp-image-1140\" srcset=\"https:\/\/www.camping-kersentic.com\/wp-content\/uploads\/2022\/09\/image-1-1024x536.jpg 1024w, https:\/\/www.camping-kersentic.com\/wp-content\/uploads\/2022\/09\/image-1-300x157.jpg 300w, https:\/\/www.camping-kersentic.com\/wp-content\/uploads\/2022\/09\/image-1-768x401.jpg 768w, https:\/\/www.camping-kersentic.com\/wp-content\/uploads\/2022\/09\/image-1.jpg 1200w\" sizes=\"(max-width: 1024px) 100vw, 1024px\" \/><\/figure>\n<\/div>\n<\/div>\n<\/div><\/section>\n","protected":false},"excerpt":{"rendered":"<p>Discovery of the Breton Riviera The Breton Riviera, a dream destination where nature, the sea, the white sandy beaches, the gastronomy, invites you to an unforgettable journey. The 4* Camping Kersentic, located in Fouesnant les Gl\u00e9nan is the ideal place to stay and discover our little Breton paradise. Only 600 m from the beach of [&hellip;]<\/p>\n","protected":false},"author":1,"featured_media":2664,"parent":0,"menu_order":0,"comment_status":"closed","ping_status":"closed","template":"","meta":[],"acf":[],"yoast_head":"<!-- This site is optimized with the Yoast SEO plugin v19.9 - https:\/\/yoast.com\/wordpress\/plugins\/seo\/ -->\n<title>Surroundings - Camping de Kersentic<\/title>\n<meta name=\"robots\" content=\"index, follow, max-snippet:-1, max-image-preview:large, max-video-preview:-1\" \/>\n<link rel=\"canonical\" href=\"https:\/\/www.camping-kersentic.com\/en\/surroundings\/\" \/>\n<meta property=\"og:locale\" content=\"en_US\" \/>\n<meta property=\"og:type\" content=\"article\" \/>\n<meta property=\"og:title\" content=\"Surroundings - Camping de Kersentic\" \/>\n<meta property=\"og:description\" content=\"Discovery of the Breton Riviera The Breton Riviera, a dream destination where nature, the sea, the white sandy beaches, the gastronomy, invites you to an unforgettable journey. The 4* Camping Kersentic, located in Fouesnant les Gl\u00e9nan is the ideal place to stay and discover our little Breton paradise. Only 600 m from the beach of [&hellip;]\" \/>\n<meta property=\"og:url\" content=\"https:\/\/www.camping-kersentic.com\/en\/surroundings\/\" \/>\n<meta property=\"og:site_name\" content=\"Camping de Kersentic\" \/>\n<meta property=\"article:publisher\" content=\"https:\/\/www.facebook.com\/campingdekersenticfouesnant\/\" \/>\n<meta property=\"article:modified_time\" content=\"2025-05-26T08:58:13+00:00\" \/>\n<meta property=\"og:image\" content=\"https:\/\/www.camping-kersentic.com\/wp-content\/uploads\/2022\/10\/mini_crtb-ad3020_DERENNES-Yannick-scaled.jpg\" \/>\n\t<meta property=\"og:image:width\" content=\"2560\" \/>\n\t<meta property=\"og:image:height\" content=\"1707\" \/>\n\t<meta property=\"og:image:type\" content=\"image\/jpeg\" \/>\n<meta name=\"twitter:card\" content=\"summary_large_image\" \/>\n<meta name=\"twitter:label1\" content=\"Est. reading time\" \/>\n\t<meta name=\"twitter:data1\" content=\"3 minutes\" \/>\n<script type=\"application\/ld+json\" class=\"yoast-schema-graph\">{\"@context\":\"https:\/\/schema.org\",\"@graph\":[{\"@type\":\"WebPage\",\"@id\":\"https:\/\/www.camping-kersentic.com\/en\/surroundings\/\",\"url\":\"https:\/\/www.camping-kersentic.com\/en\/surroundings\/\",\"name\":\"Surroundings - Camping de Kersentic\",\"isPartOf\":{\"@id\":\"https:\/\/www.camping-kersentic.com\/#website\"},\"datePublished\":\"2022-11-15T11:35:23+00:00\",\"dateModified\":\"2025-05-26T08:58:13+00:00\",\"breadcrumb\":{\"@id\":\"https:\/\/www.camping-kersentic.com\/en\/surroundings\/#breadcrumb\"},\"inLanguage\":\"en-US\",\"potentialAction\":[{\"@type\":\"ReadAction\",\"target\":[\"https:\/\/www.camping-kersentic.com\/en\/surroundings\/\"]}]},{\"@type\":\"BreadcrumbList\",\"@id\":\"https:\/\/www.camping-kersentic.com\/en\/surroundings\/#breadcrumb\",\"itemListElement\":[{\"@type\":\"ListItem\",\"position\":1,\"name\":\"Home\",\"item\":\"https:\/\/www.camping-kersentic.com\/en\/\"},{\"@type\":\"ListItem\",\"position\":2,\"name\":\"Surroundings\"}]},{\"@type\":\"WebSite\",\"@id\":\"https:\/\/www.camping-kersentic.com\/#website\",\"url\":\"https:\/\/www.camping-kersentic.com\/\",\"name\":\"Camping de Kersentic\",\"description\":\"Camping Fouesnant 4 \u00e9toiles dans le Finist\u00e8re sud, locations de mobil-home, g\u00eetes, Coco Sweet, locations insolites, emplacements, piscine couverte et plage\",\"publisher\":{\"@id\":\"https:\/\/www.camping-kersentic.com\/#organization\"},\"potentialAction\":[{\"@type\":\"SearchAction\",\"target\":{\"@type\":\"EntryPoint\",\"urlTemplate\":\"https:\/\/www.camping-kersentic.com\/?s={search_term_string}\"},\"query-input\":\"required name=search_term_string\"}],\"inLanguage\":\"en-US\"},{\"@type\":\"Organization\",\"@id\":\"https:\/\/www.camping-kersentic.com\/#organization\",\"name\":\"Camping de Kersentic\",\"url\":\"https:\/\/www.camping-kersentic.com\/\",\"logo\":{\"@type\":\"ImageObject\",\"inLanguage\":\"en-US\",\"@id\":\"https:\/\/www.camping-kersentic.com\/#\/schema\/logo\/image\/\",\"url\":\"https:\/\/www.camping-kersentic.com\/wp-content\/uploads\/2025\/05\/LOGO2025_C.webp\",\"contentUrl\":\"https:\/\/www.camping-kersentic.com\/wp-content\/uploads\/2025\/05\/LOGO2025_C.webp\",\"width\":764,\"height\":325,\"caption\":\"Camping de Kersentic\"},\"image\":{\"@id\":\"https:\/\/www.camping-kersentic.com\/#\/schema\/logo\/image\/\"},\"sameAs\":[\"https:\/\/www.instagram.com\/campingdekersentic\/?hl=fr\",\"https:\/\/www.facebook.com\/campingdekersenticfouesnant\/\"]}]}<\/script>\n<!-- \/ Yoast SEO plugin. -->","yoast_head_json":{"title":"Surroundings - Camping de Kersentic","robots":{"index":"index","follow":"follow","max-snippet":"max-snippet:-1","max-image-preview":"max-image-preview:large","max-video-preview":"max-video-preview:-1"},"canonical":"https:\/\/www.camping-kersentic.com\/en\/surroundings\/","og_locale":"en_US","og_type":"article","og_title":"Surroundings - Camping de Kersentic","og_description":"Discovery of the Breton Riviera The Breton Riviera, a dream destination where nature, the sea, the white sandy beaches, the gastronomy, invites you to an unforgettable journey. The 4* Camping Kersentic, located in Fouesnant les Gl\u00e9nan is the ideal place to stay and discover our little Breton paradise. Only 600 m from the beach of [&hellip;]","og_url":"https:\/\/www.camping-kersentic.com\/en\/surroundings\/","og_site_name":"Camping de Kersentic","article_publisher":"https:\/\/www.facebook.com\/campingdekersenticfouesnant\/","article_modified_time":"2025-05-26T08:58:13+00:00","og_image":[{"width":2560,"height":1707,"url":"https:\/\/www.camping-kersentic.com\/wp-content\/uploads\/2022\/10\/mini_crtb-ad3020_DERENNES-Yannick-scaled.jpg","type":"image\/jpeg"}],"twitter_card":"summary_large_image","twitter_misc":{"Est. reading time":"3 minutes"},"schema":{"@context":"https:\/\/schema.org","@graph":[{"@type":"WebPage","@id":"https:\/\/www.camping-kersentic.com\/en\/surroundings\/","url":"https:\/\/www.camping-kersentic.com\/en\/surroundings\/","name":"Surroundings - Camping de Kersentic","isPartOf":{"@id":"https:\/\/www.camping-kersentic.com\/#website"},"datePublished":"2022-11-15T11:35:23+00:00","dateModified":"2025-05-26T08:58:13+00:00","breadcrumb":{"@id":"https:\/\/www.camping-kersentic.com\/en\/surroundings\/#breadcrumb"},"inLanguage":"en-US","potentialAction":[{"@type":"ReadAction","target":["https:\/\/www.camping-kersentic.com\/en\/surroundings\/"]}]},{"@type":"BreadcrumbList","@id":"https:\/\/www.camping-kersentic.com\/en\/surroundings\/#breadcrumb","itemListElement":[{"@type":"ListItem","position":1,"name":"Home","item":"https:\/\/www.camping-kersentic.com\/en\/"},{"@type":"ListItem","position":2,"name":"Surroundings"}]},{"@type":"WebSite","@id":"https:\/\/www.camping-kersentic.com\/#website","url":"https:\/\/www.camping-kersentic.com\/","name":"Camping de Kersentic","description":"Camping Fouesnant 4 \u00e9toiles dans le Finist\u00e8re sud, locations de mobil-home, g\u00eetes, Coco Sweet, locations insolites, emplacements, piscine couverte et plage","publisher":{"@id":"https:\/\/www.camping-kersentic.com\/#organization"},"potentialAction":[{"@type":"SearchAction","target":{"@type":"EntryPoint","urlTemplate":"https:\/\/www.camping-kersentic.com\/?s={search_term_string}"},"query-input":"required name=search_term_string"}],"inLanguage":"en-US"},{"@type":"Organization","@id":"https:\/\/www.camping-kersentic.com\/#organization","name":"Camping de Kersentic","url":"https:\/\/www.camping-kersentic.com\/","logo":{"@type":"ImageObject","inLanguage":"en-US","@id":"https:\/\/www.camping-kersentic.com\/#\/schema\/logo\/image\/","url":"https:\/\/www.camping-kersentic.com\/wp-content\/uploads\/2025\/05\/LOGO2025_C.webp","contentUrl":"https:\/\/www.camping-kersentic.com\/wp-content\/uploads\/2025\/05\/LOGO2025_C.webp","width":764,"height":325,"caption":"Camping de Kersentic"},"image":{"@id":"https:\/\/www.camping-kersentic.com\/#\/schema\/logo\/image\/"},"sameAs":["https:\/\/www.instagram.com\/campingdekersentic\/?hl=fr","https:\/\/www.facebook.com\/campingdekersenticfouesnant\/"]}]}},"_links":{"self":[{"href":"https:\/\/www.camping-kersentic.com\/en\/wp-json\/wp\/v2\/pages\/3724"}],"collection":[{"href":"https:\/\/www.camping-kersentic.com\/en\/wp-json\/wp\/v2\/pages"}],"about":[{"href":"https:\/\/www.camping-kersentic.com\/en\/wp-json\/wp\/v2\/types\/page"}],"author":[{"embeddable":true,"href":"https:\/\/www.camping-kersentic.com\/en\/wp-json\/wp\/v2\/users\/1"}],"replies":[{"embeddable":true,"href":"https:\/\/www.camping-kersentic.com\/en\/wp-json\/wp\/v2\/comments?post=3724"}],"version-history":[{"count":5,"href":"https:\/\/www.camping-kersentic.com\/en\/wp-json\/wp\/v2\/pages\/3724\/revisions"}],"predecessor-version":[{"id":7522,"href":"https:\/\/www.camping-kersentic.com\/en\/wp-json\/wp\/v2\/pages\/3724\/revisions\/7522"}],"wp:featuredmedia":[{"embeddable":true,"href":"https:\/\/www.camping-kersentic.com\/en\/wp-json\/wp\/v2\/media\/2664"}],"wp:attachment":[{"href":"https:\/\/www.camping-kersentic.com\/en\/wp-json\/wp\/v2\/media?parent=3724"}],"curies":[{"name":"wp","href":"https:\/\/api.w.org\/{rel}","templated":true}]}}